{"id":106,"date":"2022-05-17T11:26:08","date_gmt":"2022-05-17T09:26:08","guid":{"rendered":"http:\/\/agse.dev.overscan.io\/eure-et-loire\/?page_id=106"},"modified":"2024-08-29T09:44:48","modified_gmt":"2024-08-29T07:44:48","slug":"actualites","status":"publish","type":"page","link":"https:\/\/www.scouts-europe.org\/eure-et-loir\/actualites\/","title":{"rendered":"Actualit\u00e9s"},"content":{"rendered":"\t\t<div data-elementor-type=\"wp-page\" data-elementor-id=\"106\" class=\"elementor elementor-106\">\n\t\t\t\t\t\t<section class=\"elementor-section elementor-top-section elementor-element elementor-element-eb1268c elementor-section-boxed elementor-section-height-default elementor-section-height-default\" data-id=\"eb1268c\" data-element_type=\"section\" data-e-type=\"section\">\n\t\t\t\t\t\t<div class=\"elementor-container elementor-column-gap-default\">\n\t\t\t\t\t<div class=\"elementor-column elementor-col-50 elementor-top-column elementor-element elementor-element-7f90356\" data-id=\"7f90356\" data-element_type=\"column\" data-e-type=\"column\" data-settings=\"{&quot;background_background&quot;:&quot;classic&quot;}\">\n\t\t\t<div class=\"elementor-widget-wrap elementor-element-populated\">\n\t\t\t\t\t\t<div class=\"elementor-element elementor-element-573a767 elementor-widget elementor-widget-sidebar\" data-id=\"573a767\" data-element_type=\"widget\" data-e-type=\"widget\" data-widget_type=\"sidebar.default\">\n\t\t\t\t<div class=\"elementor-widget-container\">\n\t\t\t\t\t<aside id=\"block-2\" class=\"widget widget_block widget_search\"><form role=\"search\" method=\"get\" action=\"https:\/\/www.scouts-europe.org\/eure-et-loir\/\" class=\"wp-block-search__button-outside wp-block-search__text-button wp-block-search\"    ><label class=\"wp-block-search__label\" for=\"wp-block-search__input-1\" >Rechercher<\/label><div class=\"wp-block-search__inside-wrapper\" ><input class=\"wp-block-search__input\" id=\"wp-block-search__input-1\" placeholder=\"\" value=\"\" type=\"search\" name=\"s\" required \/><button aria-label=\"Rechercher\" class=\"wp-block-search__button wp-element-button\" type=\"submit\" >Rechercher<\/button><\/div><\/form><\/aside><aside id=\"block-5\" class=\"widget widget_block\">\n<div class=\"wp-block-group is-layout-flow wp-block-group-is-layout-flow\">\n<h2 class=\"wp-block-heading\">Archives<\/h2>\n\n\n<ul class=\"wp-block-archives-list wp-block-archives\">\t<li><a href='https:\/\/www.scouts-europe.org\/eure-et-loir\/2025\/04\/'>avril 2025<\/a>&nbsp;(1)<\/li>\n\t<li><a href='https:\/\/www.scouts-europe.org\/eure-et-loir\/2025\/02\/'>f\u00e9vrier 2025<\/a>&nbsp;(1)<\/li>\n\t<li><a href='https:\/\/www.scouts-europe.org\/eure-et-loir\/2024\/12\/'>d\u00e9cembre 2024<\/a>&nbsp;(2)<\/li>\n\t<li><a href='https:\/\/www.scouts-europe.org\/eure-et-loir\/2024\/09\/'>septembre 2024<\/a>&nbsp;(1)<\/li>\n\t<li><a href='https:\/\/www.scouts-europe.org\/eure-et-loir\/2024\/07\/'>juillet 2024<\/a>&nbsp;(1)<\/li>\n\t<li><a href='https:\/\/www.scouts-europe.org\/eure-et-loir\/2024\/06\/'>juin 2024<\/a>&nbsp;(1)<\/li>\n\t<li><a href='https:\/\/www.scouts-europe.org\/eure-et-loir\/2024\/04\/'>avril 2024<\/a>&nbsp;(1)<\/li>\n\t<li><a href='https:\/\/www.scouts-europe.org\/eure-et-loir\/2024\/01\/'>janvier 2024<\/a>&nbsp;(1)<\/li>\n\t<li><a href='https:\/\/www.scouts-europe.org\/eure-et-loir\/2023\/05\/'>mai 2023<\/a>&nbsp;(1)<\/li>\n\t<li><a href='https:\/\/www.scouts-europe.org\/eure-et-loir\/2023\/01\/'>janvier 2023<\/a>&nbsp;(1)<\/li>\n\t<li><a href='https:\/\/www.scouts-europe.org\/eure-et-loir\/2022\/11\/'>novembre 2022<\/a>&nbsp;(1)<\/li>\n\t<li><a href='https:\/\/www.scouts-europe.org\/eure-et-loir\/2022\/09\/'>septembre 2022<\/a>&nbsp;(1)<\/li>\n\t<li><a href='https:\/\/www.scouts-europe.org\/eure-et-loir\/2022\/07\/'>juillet 2022<\/a>&nbsp;(1)<\/li>\n\t<li><a href='https:\/\/www.scouts-europe.org\/eure-et-loir\/2022\/06\/'>juin 2022<\/a>&nbsp;(1)<\/li>\n\t<li><a href='https:\/\/www.scouts-europe.org\/eure-et-loir\/2022\/03\/'>mars 2022<\/a>&nbsp;(1)<\/li>\n\t<li><a href='https:\/\/www.scouts-europe.org\/eure-et-loir\/2022\/01\/'>janvier 2022<\/a>&nbsp;(2)<\/li>\n\t<li><a href='https:\/\/www.scouts-europe.org\/eure-et-loir\/2021\/11\/'>novembre 2021<\/a>&nbsp;(1)<\/li>\n\t<li><a href='https:\/\/www.scouts-europe.org\/eure-et-loir\/2021\/10\/'>octobre 2021<\/a>&nbsp;(2)<\/li>\n\t<li><a href='https:\/\/www.scouts-europe.org\/eure-et-loir\/2021\/09\/'>septembre 2021<\/a>&nbsp;(4)<\/li>\n\t<li><a href='https:\/\/www.scouts-europe.org\/eure-et-loir\/2021\/08\/'>ao\u00fbt 2021<\/a>&nbsp;(3)<\/li>\n\t<li><a href='https:\/\/www.scouts-europe.org\/eure-et-loir\/2021\/07\/'>juillet 2021<\/a>&nbsp;(2)<\/li>\n\t<li><a href='https:\/\/www.scouts-europe.org\/eure-et-loir\/2021\/06\/'>juin 2021<\/a>&nbsp;(1)<\/li>\n\t<li><a href='https:\/\/www.scouts-europe.org\/eure-et-loir\/2021\/05\/'>mai 2021<\/a>&nbsp;(2)<\/li>\n\t<li><a href='https:\/\/www.scouts-europe.org\/eure-et-loir\/2021\/04\/'>avril 2021<\/a>&nbsp;(1)<\/li>\n\t<li><a href='https:\/\/www.scouts-europe.org\/eure-et-loir\/2021\/03\/'>mars 2021<\/a>&nbsp;(1)<\/li>\n\t<li><a href='https:\/\/www.scouts-europe.org\/eure-et-loir\/2021\/02\/'>f\u00e9vrier 2021<\/a>&nbsp;(1)<\/li>\n\t<li><a href='https:\/\/www.scouts-europe.org\/eure-et-loir\/2020\/12\/'>d\u00e9cembre 2020<\/a>&nbsp;(1)<\/li>\n\t<li><a href='https:\/\/www.scouts-europe.org\/eure-et-loir\/2020\/10\/'>octobre 2020<\/a>&nbsp;(3)<\/li>\n\t<li><a href='https:\/\/www.scouts-europe.org\/eure-et-loir\/2020\/09\/'>septembre 2020<\/a>&nbsp;(2)<\/li>\n\t<li><a href='https:\/\/www.scouts-europe.org\/eure-et-loir\/2020\/08\/'>ao\u00fbt 2020<\/a>&nbsp;(2)<\/li>\n\t<li><a href='https:\/\/www.scouts-europe.org\/eure-et-loir\/2020\/05\/'>mai 2020<\/a>&nbsp;(2)<\/li>\n\t<li><a href='https:\/\/www.scouts-europe.org\/eure-et-loir\/2020\/04\/'>avril 2020<\/a>&nbsp;(3)<\/li>\n\t<li><a href='https:\/\/www.scouts-europe.org\/eure-et-loir\/2019\/10\/'>octobre 2019<\/a>&nbsp;(2)<\/li>\n<\/ul><\/div>\n<\/aside><aside id=\"block-6\" class=\"widget widget_block\">\n<div class=\"wp-block-group is-layout-flow wp-block-group-is-layout-flow\">\n<h2 class=\"wp-block-heading\">Cat\u00e9gories<\/h2>\n\n\n<ul class=\"wp-block-categories-list wp-block-categories\">\t<li class=\"cat-item cat-item-1\"><a href=\"https:\/\/www.scouts-europe.org\/eure-et-loir\/actualite\/\">Actualit\u00e9<\/a>\n<\/li>\n<\/ul><\/div>\n<\/aside>\t\t\t\t<\/div>\n\t\t\t\t<\/div>\n\t\t\t\t\t<\/div>\n\t\t<\/div>\n\t\t\t\t<div class=\"elementor-column elementor-col-50 elementor-top-column elementor-element elementor-element-b608ad7\" data-id=\"b608ad7\" data-element_type=\"column\" data-e-type=\"column\" data-settings=\"{&quot;background_background&quot;:&quot;classic&quot;}\">\n\t\t\t<div class=\"elementor-widget-wrap elementor-element-populated\">\n\t\t\t\t\t\t<div class=\"elementor-element elementor-element-7a82d2e elementor-widget elementor-widget-ovs_posts\" data-id=\"7a82d2e\" data-element_type=\"widget\" data-e-type=\"widget\" data-widget_type=\"ovs_posts.default\">\n\t\t\t\t<div class=\"elementor-widget-container\">\n\t\t\t\t\t\t\t<div class=\"d-flex posts-default col-3\">\n\t\t\t        <article class=\"post-item\" data-category=\"actualite\">\n            <div class=\"img\">\n                                    <a href=\"https:\/\/www.scouts-europe.org\/eure-et-loir\/2025\/04\/17\/17-mai-2025-pelerinage-inter-scouts-a-chartres\/\" title=\"17 mai 2025 &#8211; P\u00e8lerinage Inter-Scouts \u00e0 Chartres\">\n                        <img fetchpriority=\"high\" decoding=\"async\" width=\"1024\" height=\"799\" src=\"https:\/\/www.scouts-europe.org\/eure-et-loir\/wp-content\/uploads\/sites\/25\/2025\/04\/Scouts-du-millenaire-1024x799.png\" class=\"attachment-large size-large wp-post-image\" alt=\"scouts du mill\u00e9naire\" srcset=\"https:\/\/www.scouts-europe.org\/eure-et-loir\/wp-content\/uploads\/sites\/25\/2025\/04\/Scouts-du-millenaire-1024x799.png 1024w, https:\/\/www.scouts-europe.org\/eure-et-loir\/wp-content\/uploads\/sites\/25\/2025\/04\/Scouts-du-millenaire-300x234.png 300w, https:\/\/www.scouts-europe.org\/eure-et-loir\/wp-content\/uploads\/sites\/25\/2025\/04\/Scouts-du-millenaire-768x599.png 768w, https:\/\/www.scouts-europe.org\/eure-et-loir\/wp-content\/uploads\/sites\/25\/2025\/04\/Scouts-du-millenaire.png 1055w\" sizes=\"(max-width: 1024px) 100vw, 1024px\" \/>                    <\/a>\n                            <\/div>\n            <div class=\"content\">\n                                    <p class=\"date\">17 avril 2025<\/p>\n                                                <h3 class=\"title\">17 mai 2025 &#8211; P\u00e8lerinage Inter-Scouts \u00e0 Chartres<\/h3>\n                                    <p>A l&rsquo;appel de notre Ev\u00eaque Monseigneur Christory, les 3 mouvements scouts d&rsquo;Eure et Loir feront leur grand p\u00e8lerinage Inter-Scouts et [&hellip;]<\/p>\n                                                    <a href=\"https:\/\/www.scouts-europe.org\/eure-et-loir\/2025\/04\/17\/17-mai-2025-pelerinage-inter-scouts-a-chartres\/\" title=\"17 mai 2025 &#8211; P\u00e8lerinage Inter-Scouts \u00e0 Chartres\" class=\"link\">Lire la suite<\/a>\n                            <\/div>\n        <\/article>\n        <article class=\"post-item\" data-category=\"actualite\">\n            <div class=\"img\">\n                                    <a href=\"https:\/\/www.scouts-europe.org\/eure-et-loir\/2025\/02\/22\/thinking-day-22-fevrier\/\" title=\"\u00ab\u00a0Thinking Day\u00a0\u00bb &#8211; 22 f\u00e9vrier 1857\">\n                        <img decoding=\"async\" width=\"300\" height=\"400\" src=\"https:\/\/www.scouts-europe.org\/eure-et-loir\/wp-content\/uploads\/sites\/25\/2025\/02\/Lord-Baden-Powell.jpg\" class=\"attachment-large size-large wp-post-image\" alt=\"lord baden powell\" srcset=\"https:\/\/www.scouts-europe.org\/eure-et-loir\/wp-content\/uploads\/sites\/25\/2025\/02\/Lord-Baden-Powell.jpg 300w, https:\/\/www.scouts-europe.org\/eure-et-loir\/wp-content\/uploads\/sites\/25\/2025\/02\/Lord-Baden-Powell-225x300.jpg 225w\" sizes=\"(max-width: 300px) 100vw, 300px\" \/>                    <\/a>\n                            <\/div>\n            <div class=\"content\">\n                                    <p class=\"date\">22 f\u00e9vrier 2025<\/p>\n                                                <h3 class=\"title\">\u00ab\u00a0Thinking Day\u00a0\u00bb &#8211; 22 f\u00e9vrier 1857<\/h3>\n                                    <p>22 f\u00e9vrier 1857 : Lord Baden Powell (BP) naissait \u00e0 Londres dans le quartier de Paddington.\u00a0Cinquante plus tard, en 1907, [&hellip;]<\/p>\n                                                    <a href=\"https:\/\/www.scouts-europe.org\/eure-et-loir\/2025\/02\/22\/thinking-day-22-fevrier\/\" title=\"\u00ab\u00a0Thinking Day\u00a0\u00bb &#8211; 22 f\u00e9vrier 1857\" class=\"link\">Lire la suite<\/a>\n                            <\/div>\n        <\/article>\n        <article class=\"post-item\" data-category=\"actualite\">\n            <div class=\"img\">\n                                    <a href=\"https:\/\/www.scouts-europe.org\/eure-et-loir\/2024\/12\/23\/voeux-et-invitation-pour-le-11-janvier-2025\/\" title=\"V\u0153ux et invitation pour le 11 janvier 2025\">\n                        <img decoding=\"async\" width=\"332\" height=\"386\" src=\"https:\/\/www.scouts-europe.org\/eure-et-loir\/wp-content\/uploads\/sites\/25\/2024\/12\/Creche.jpg\" class=\"attachment-large size-large wp-post-image\" alt=\"cr\u00eache\" srcset=\"https:\/\/www.scouts-europe.org\/eure-et-loir\/wp-content\/uploads\/sites\/25\/2024\/12\/Creche.jpg 332w, https:\/\/www.scouts-europe.org\/eure-et-loir\/wp-content\/uploads\/sites\/25\/2024\/12\/Creche-258x300.jpg 258w\" sizes=\"(max-width: 332px) 100vw, 332px\" \/>                    <\/a>\n                            <\/div>\n            <div class=\"content\">\n                                    <p class=\"date\">23 d\u00e9cembre 2024<\/p>\n                                                <h3 class=\"title\">V\u0153ux et invitation pour le 11 janvier 2025<\/h3>\n                                    <p><\/p>\n                                                    <a href=\"https:\/\/www.scouts-europe.org\/eure-et-loir\/2024\/12\/23\/voeux-et-invitation-pour-le-11-janvier-2025\/\" title=\"V\u0153ux et invitation pour le 11 janvier 2025\" class=\"link\">Lire la suite<\/a>\n                            <\/div>\n        <\/article>\n        <article class=\"post-item\" data-category=\"actualite\">\n            <div class=\"img\">\n                                    <a href=\"https:\/\/www.scouts-europe.org\/eure-et-loir\/2024\/12\/14\/activite-inter-maitrises\/\" title=\"Activit\u00e9 Inter-Ma\u00eetrises\">\n                        <img loading=\"lazy\" decoding=\"async\" width=\"613\" height=\"406\" src=\"https:\/\/www.scouts-europe.org\/eure-et-loir\/wp-content\/uploads\/sites\/25\/2024\/12\/Capture-decran-2024-12-23-121330.jpg\" class=\"attachment-large size-large wp-post-image\" alt=\"capture d\u2019\u00e9cran 2024 12 23 121330\" srcset=\"https:\/\/www.scouts-europe.org\/eure-et-loir\/wp-content\/uploads\/sites\/25\/2024\/12\/Capture-decran-2024-12-23-121330.jpg 613w, https:\/\/www.scouts-europe.org\/eure-et-loir\/wp-content\/uploads\/sites\/25\/2024\/12\/Capture-decran-2024-12-23-121330-300x199.jpg 300w\" sizes=\"(max-width: 613px) 100vw, 613px\" \/>                    <\/a>\n                            <\/div>\n            <div class=\"content\">\n                                    <p class=\"date\">14 d\u00e9cembre 2024<\/p>\n                                                <h3 class=\"title\">Activit\u00e9 Inter-Ma\u00eetrises<\/h3>\n                                    <p><\/p>\n                                                    <a href=\"https:\/\/www.scouts-europe.org\/eure-et-loir\/2024\/12\/14\/activite-inter-maitrises\/\" title=\"Activit\u00e9 Inter-Ma\u00eetrises\" class=\"link\">Lire la suite<\/a>\n                            <\/div>\n        <\/article>\n        <article class=\"post-item\" data-category=\"actualite\">\n            <div class=\"img\">\n                                    <a href=\"https:\/\/www.scouts-europe.org\/eure-et-loir\/2024\/09\/15\/en-avant-pour-une-nouvelle-annee-scoute\/\" title=\"En avant pour une nouvelle ann\u00e9e scoute !\">\n                        <img loading=\"lazy\" decoding=\"async\" width=\"433\" height=\"398\" src=\"https:\/\/www.scouts-europe.org\/eure-et-loir\/wp-content\/uploads\/sites\/25\/2024\/09\/Rentree-scoute-2024-v2.jpg\" class=\"attachment-large size-large wp-post-image\" alt=\"rentr\u00e9e scoute 2024 v2\" srcset=\"https:\/\/www.scouts-europe.org\/eure-et-loir\/wp-content\/uploads\/sites\/25\/2024\/09\/Rentree-scoute-2024-v2.jpg 433w, https:\/\/www.scouts-europe.org\/eure-et-loir\/wp-content\/uploads\/sites\/25\/2024\/09\/Rentree-scoute-2024-v2-300x276.jpg 300w\" sizes=\"(max-width: 433px) 100vw, 433px\" \/>                    <\/a>\n                            <\/div>\n            <div class=\"content\">\n                                    <p class=\"date\">15 septembre 2024<\/p>\n                                                <h3 class=\"title\">En avant pour une nouvelle ann\u00e9e scoute !<\/h3>\n                                    <p>Apr\u00e8s nos camps d&rsquo;\u00e9t\u00e9 riches en p\u00e9rip\u00e9ties, nos vacances en famille, nous voil\u00e0 repartis pour une nouvelle ann\u00e9e scoute.Vive l&rsquo;AVENTURE [&hellip;]<\/p>\n                                                    <a href=\"https:\/\/www.scouts-europe.org\/eure-et-loir\/2024\/09\/15\/en-avant-pour-une-nouvelle-annee-scoute\/\" title=\"En avant pour une nouvelle ann\u00e9e scoute !\" class=\"link\">Lire la suite<\/a>\n                            <\/div>\n        <\/article>\n        <article class=\"post-item\" data-category=\"actualite\">\n            <div class=\"img\">\n                                    <a href=\"https:\/\/www.scouts-europe.org\/eure-et-loir\/2024\/07\/27\/bonjour-tout-le-monde-3-2\/\" title=\"Clap de fin pour nos camps d&rsquo;\u00e9t\u00e9\">\n                        <img loading=\"lazy\" decoding=\"async\" width=\"1024\" height=\"576\" src=\"https:\/\/www.scouts-europe.org\/eure-et-loir\/wp-content\/uploads\/sites\/25\/2024\/07\/WhatsApp-Image-2024-07-26-at-08.26.21-2-1024x576.jpeg\" class=\"attachment-large size-large wp-post-image\" alt=\"whatsapp image 2024 07 26 at 08.26.21 (2)\" srcset=\"https:\/\/www.scouts-europe.org\/eure-et-loir\/wp-content\/uploads\/sites\/25\/2024\/07\/WhatsApp-Image-2024-07-26-at-08.26.21-2-1024x576.jpeg 1024w, https:\/\/www.scouts-europe.org\/eure-et-loir\/wp-content\/uploads\/sites\/25\/2024\/07\/WhatsApp-Image-2024-07-26-at-08.26.21-2-300x169.jpeg 300w, https:\/\/www.scouts-europe.org\/eure-et-loir\/wp-content\/uploads\/sites\/25\/2024\/07\/WhatsApp-Image-2024-07-26-at-08.26.21-2-768x432.jpeg 768w, https:\/\/www.scouts-europe.org\/eure-et-loir\/wp-content\/uploads\/sites\/25\/2024\/07\/WhatsApp-Image-2024-07-26-at-08.26.21-2.jpeg 1280w\" sizes=\"(max-width: 1024px) 100vw, 1024px\" \/>                    <\/a>\n                            <\/div>\n            <div class=\"content\">\n                                    <p class=\"date\">27 juillet 2024<\/p>\n                                                <h3 class=\"title\">Clap de fin pour nos camps d&rsquo;\u00e9t\u00e9<\/h3>\n                                    <p>Voil\u00e0, tous nos camps d&rsquo;\u00e9t\u00e9 sont maintenant termin\u00e9s : Deo Gratias !!!\u00ab\u00a0Comme un scout apr\u00e8s les vacances, s&rsquo;en retourne \u00e0 [&hellip;]<\/p>\n                                                    <a href=\"https:\/\/www.scouts-europe.org\/eure-et-loir\/2024\/07\/27\/bonjour-tout-le-monde-3-2\/\" title=\"Clap de fin pour nos camps d&rsquo;\u00e9t\u00e9\" class=\"link\">Lire la suite<\/a>\n                            <\/div>\n        <\/article>\n        <article class=\"post-item\" data-category=\"actualite\">\n            <div class=\"img\">\n                                    <a href=\"https:\/\/www.scouts-europe.org\/eure-et-loir\/2024\/06\/05\/rallye-louvetisme-deure-et-loir\/\" title=\"Rallye Louvetisme d&rsquo;Eure et Loir\">\n                        <img loading=\"lazy\" decoding=\"async\" width=\"1024\" height=\"512\" src=\"https:\/\/www.scouts-europe.org\/eure-et-loir\/wp-content\/uploads\/sites\/25\/2024\/07\/IMG_4068-1024x512.jpg\" class=\"attachment-large size-large wp-post-image\" alt=\"img 4068\" srcset=\"https:\/\/www.scouts-europe.org\/eure-et-loir\/wp-content\/uploads\/sites\/25\/2024\/07\/IMG_4068-1024x512.jpg 1024w, https:\/\/www.scouts-europe.org\/eure-et-loir\/wp-content\/uploads\/sites\/25\/2024\/07\/IMG_4068-300x150.jpg 300w, https:\/\/www.scouts-europe.org\/eure-et-loir\/wp-content\/uploads\/sites\/25\/2024\/07\/IMG_4068-768x384.jpg 768w, https:\/\/www.scouts-europe.org\/eure-et-loir\/wp-content\/uploads\/sites\/25\/2024\/07\/IMG_4068-1536x768.jpg 1536w, https:\/\/www.scouts-europe.org\/eure-et-loir\/wp-content\/uploads\/sites\/25\/2024\/07\/IMG_4068-2048x1024.jpg 2048w\" sizes=\"(max-width: 1024px) 100vw, 1024px\" \/>                    <\/a>\n                            <\/div>\n            <div class=\"content\">\n                                    <p class=\"date\">5 juin 2024<\/p>\n                                                <h3 class=\"title\">Rallye Louvetisme d&rsquo;Eure et Loir<\/h3>\n                                    <p>Les 25 et 26 mai 2024, avait lieu notre Rallye Louvetisme de District d&rsquo;Eure Loir.Ce sont les meutes 1\u00e8re et [&hellip;]<\/p>\n                                                    <a href=\"https:\/\/www.scouts-europe.org\/eure-et-loir\/2024\/06\/05\/rallye-louvetisme-deure-et-loir\/\" title=\"Rallye Louvetisme d&rsquo;Eure et Loir\" class=\"link\">Lire la suite<\/a>\n                            <\/div>\n        <\/article>\n        <article class=\"post-item\" data-category=\"actualite\">\n            <div class=\"img\">\n                                    <a href=\"https:\/\/www.scouts-europe.org\/eure-et-loir\/2024\/04\/08\/notre-vie-scoute-en-quelques-photos\/\" title=\"La vie scoute de nos unit\u00e9s en quelques photos\">\n                        <img loading=\"lazy\" decoding=\"async\" width=\"771\" height=\"1024\" src=\"https:\/\/www.scouts-europe.org\/eure-et-loir\/wp-content\/uploads\/sites\/25\/2024\/04\/IMG_20240406_145944_12-scaled-1-771x1024.jpg\" class=\"attachment-large size-large wp-post-image\" alt=\"img 20240406 145944 12\" srcset=\"https:\/\/www.scouts-europe.org\/eure-et-loir\/wp-content\/uploads\/sites\/25\/2024\/04\/IMG_20240406_145944_12-scaled-1-771x1024.jpg 771w, https:\/\/www.scouts-europe.org\/eure-et-loir\/wp-content\/uploads\/sites\/25\/2024\/04\/IMG_20240406_145944_12-scaled-1-226x300.jpg 226w, https:\/\/www.scouts-europe.org\/eure-et-loir\/wp-content\/uploads\/sites\/25\/2024\/04\/IMG_20240406_145944_12-scaled-1-768x1020.jpg 768w, https:\/\/www.scouts-europe.org\/eure-et-loir\/wp-content\/uploads\/sites\/25\/2024\/04\/IMG_20240406_145944_12-scaled-1-1157x1536.jpg 1157w, https:\/\/www.scouts-europe.org\/eure-et-loir\/wp-content\/uploads\/sites\/25\/2024\/04\/IMG_20240406_145944_12-scaled-1-1542x2048.jpg 1542w, https:\/\/www.scouts-europe.org\/eure-et-loir\/wp-content\/uploads\/sites\/25\/2024\/04\/IMG_20240406_145944_12-scaled-1.jpg 1928w\" sizes=\"(max-width: 771px) 100vw, 771px\" \/>                    <\/a>\n                            <\/div>\n            <div class=\"content\">\n                                    <p class=\"date\">8 avril 2024<\/p>\n                                                <h3 class=\"title\">La vie scoute de nos unit\u00e9s en quelques photos<\/h3>\n                                    <p>Voici quelques photos de nos activit\u00e9s depuis notre derni\u00e8re messe de rentr\u00e9e de janvier 2024.La Compagnie n&rsquo;est pas mise \u00e0 [&hellip;]<\/p>\n                                                    <a href=\"https:\/\/www.scouts-europe.org\/eure-et-loir\/2024\/04\/08\/notre-vie-scoute-en-quelques-photos\/\" title=\"La vie scoute de nos unit\u00e9s en quelques photos\" class=\"link\">Lire la suite<\/a>\n                            <\/div>\n        <\/article>\n        <article class=\"post-item\" data-category=\"actualite\">\n            <div class=\"img\">\n                                    <a href=\"https:\/\/www.scouts-europe.org\/eure-et-loir\/2024\/01\/13\/rentree-de-district-2024\/\" title=\"Rentr\u00e9e de District 2024\">\n                        <img loading=\"lazy\" decoding=\"async\" width=\"1024\" height=\"387\" src=\"https:\/\/www.scouts-europe.org\/eure-et-loir\/wp-content\/uploads\/sites\/25\/2024\/01\/WhatsApp-Image-2024-01-09-at-18.15.20-e1705160029723-1024x387.jpeg\" class=\"attachment-large size-large wp-post-image\" alt=\"whatsapp image 2024 01 09 at 18.15.20\" srcset=\"https:\/\/www.scouts-europe.org\/eure-et-loir\/wp-content\/uploads\/sites\/25\/2024\/01\/WhatsApp-Image-2024-01-09-at-18.15.20-e1705160029723-1024x387.jpeg 1024w, https:\/\/www.scouts-europe.org\/eure-et-loir\/wp-content\/uploads\/sites\/25\/2024\/01\/WhatsApp-Image-2024-01-09-at-18.15.20-e1705160029723-300x113.jpeg 300w, https:\/\/www.scouts-europe.org\/eure-et-loir\/wp-content\/uploads\/sites\/25\/2024\/01\/WhatsApp-Image-2024-01-09-at-18.15.20-e1705160029723-768x290.jpeg 768w, https:\/\/www.scouts-europe.org\/eure-et-loir\/wp-content\/uploads\/sites\/25\/2024\/01\/WhatsApp-Image-2024-01-09-at-18.15.20-e1705160029723-1536x580.jpeg 1536w, https:\/\/www.scouts-europe.org\/eure-et-loir\/wp-content\/uploads\/sites\/25\/2024\/01\/WhatsApp-Image-2024-01-09-at-18.15.20-e1705160029723.jpeg 1600w\" sizes=\"(max-width: 1024px) 100vw, 1024px\" \/>                    <\/a>\n                            <\/div>\n            <div class=\"content\">\n                                    <p class=\"date\">13 janvier 2024<\/p>\n                                                <h3 class=\"title\">Rentr\u00e9e de District 2024<\/h3>\n                                    <p>Nous vous attendons nombreux, familles, parents, amis, anciens chefs et cheftaines, &#8230; pour cette journ\u00e9e de rentr\u00e9e de District. Voici [&hellip;]<\/p>\n                                                    <a href=\"https:\/\/www.scouts-europe.org\/eure-et-loir\/2024\/01\/13\/rentree-de-district-2024\/\" title=\"Rentr\u00e9e de District 2024\" class=\"link\">Lire la suite<\/a>\n                            <\/div>\n        <\/article>\n        <article class=\"post-item\" data-category=\"actualite\">\n            <div class=\"img\">\n                                    <a href=\"https:\/\/www.scouts-europe.org\/eure-et-loir\/2023\/05\/13\/jn-2023-nous-y-etions\/\" title=\"JN 2023 : NOUS Y \u00c9TIONS !\">\n                        <img loading=\"lazy\" decoding=\"async\" width=\"1024\" height=\"683\" src=\"https:\/\/www.scouts-europe.org\/eure-et-loir\/wp-content\/uploads\/sites\/25\/2023\/05\/DSCF1703-scaled-1-1024x683.jpg\" class=\"attachment-large size-large wp-post-image\" alt=\"dscf1703\" srcset=\"https:\/\/www.scouts-europe.org\/eure-et-loir\/wp-content\/uploads\/sites\/25\/2023\/05\/DSCF1703-scaled-1-1024x683.jpg 1024w, https:\/\/www.scouts-europe.org\/eure-et-loir\/wp-content\/uploads\/sites\/25\/2023\/05\/DSCF1703-scaled-1-300x200.jpg 300w, https:\/\/www.scouts-europe.org\/eure-et-loir\/wp-content\/uploads\/sites\/25\/2023\/05\/DSCF1703-scaled-1-768x512.jpg 768w, https:\/\/www.scouts-europe.org\/eure-et-loir\/wp-content\/uploads\/sites\/25\/2023\/05\/DSCF1703-scaled-1-1536x1024.jpg 1536w, https:\/\/www.scouts-europe.org\/eure-et-loir\/wp-content\/uploads\/sites\/25\/2023\/05\/DSCF1703-scaled-1-2048x1366.jpg 2048w\" sizes=\"(max-width: 1024px) 100vw, 1024px\" \/>                    <\/a>\n                            <\/div>\n            <div class=\"content\">\n                                    <p class=\"date\">13 mai 2023<\/p>\n                                                <h3 class=\"title\">JN 2023 : NOUS Y \u00c9TIONS !<\/h3>\n                                    <p>Les 6, 7 et 8 mai 2023, l\u2019inter-ma\u00eetrise du district d\u2019Eure-et-Loir s\u2019est rendu aux Journ\u00e9es Nationales 2023. Nos chefs ont [&hellip;]<\/p>\n                                                    <a href=\"https:\/\/www.scouts-europe.org\/eure-et-loir\/2023\/05\/13\/jn-2023-nous-y-etions\/\" title=\"JN 2023 : NOUS Y \u00c9TIONS !\" class=\"link\">Lire la suite<\/a>\n                            <\/div>\n        <\/article>\n        <article class=\"post-item\" data-category=\"actualite\">\n            <div class=\"img\">\n                                    <a href=\"https:\/\/www.scouts-europe.org\/eure-et-loir\/2023\/01\/02\/rentree-scoute-2023\/\" title=\"Rentr\u00e9e scoute 2023\">\n                        <img loading=\"lazy\" decoding=\"async\" width=\"939\" height=\"600\" src=\"https:\/\/www.scouts-europe.org\/eure-et-loir\/wp-content\/uploads\/sites\/25\/2023\/01\/WhatsApp-Image-2023-01-02-at-13.41.45-Rognee.jpg\" class=\"attachment-large size-large wp-post-image\" alt=\"whatsapp image 2023 01 02 at 13.41.45 rogn\u00e9e\" srcset=\"https:\/\/www.scouts-europe.org\/eure-et-loir\/wp-content\/uploads\/sites\/25\/2023\/01\/WhatsApp-Image-2023-01-02-at-13.41.45-Rognee.jpg 939w, https:\/\/www.scouts-europe.org\/eure-et-loir\/wp-content\/uploads\/sites\/25\/2023\/01\/WhatsApp-Image-2023-01-02-at-13.41.45-Rognee-300x192.jpg 300w, https:\/\/www.scouts-europe.org\/eure-et-loir\/wp-content\/uploads\/sites\/25\/2023\/01\/WhatsApp-Image-2023-01-02-at-13.41.45-Rognee-768x491.jpg 768w\" sizes=\"(max-width: 939px) 100vw, 939px\" \/>                    <\/a>\n                            <\/div>\n            <div class=\"content\">\n                                    <p class=\"date\">2 janvier 2023<\/p>\n                                                <h3 class=\"title\">Rentr\u00e9e scoute 2023<\/h3>\n                                    <p>Tout le District des Guides et Scouts d&rsquo;Europe d&rsquo;Eure et Loir vous invite, vous, parents, amis et anciens, \u00e0 sa [&hellip;]<\/p>\n                                                    <a href=\"https:\/\/www.scouts-europe.org\/eure-et-loir\/2023\/01\/02\/rentree-scoute-2023\/\" title=\"Rentr\u00e9e scoute 2023\" class=\"link\">Lire la suite<\/a>\n                            <\/div>\n        <\/article>\n        <article class=\"post-item\" data-category=\"actualite\">\n            <div class=\"img\">\n                                    <a href=\"https:\/\/www.scouts-europe.org\/eure-et-loir\/2022\/11\/02\/vezelay-2022-nous-y-etions\/\" title=\"V\u00e9zelay 2022, nous y \u00e9tions !\">\n                        <img loading=\"lazy\" decoding=\"async\" width=\"1024\" height=\"678\" src=\"https:\/\/www.scouts-europe.org\/eure-et-loir\/wp-content\/uploads\/sites\/25\/2022\/11\/07-312606847_10210856392041844_8952103851050189091_n-1024x678.jpg\" class=\"attachment-large size-large wp-post-image\" alt=\"07 312606847 10210856392041844 8952103851050189091 n\" srcset=\"https:\/\/www.scouts-europe.org\/eure-et-loir\/wp-content\/uploads\/sites\/25\/2022\/11\/07-312606847_10210856392041844_8952103851050189091_n-1024x678.jpg 1024w, https:\/\/www.scouts-europe.org\/eure-et-loir\/wp-content\/uploads\/sites\/25\/2022\/11\/07-312606847_10210856392041844_8952103851050189091_n-300x199.jpg 300w, https:\/\/www.scouts-europe.org\/eure-et-loir\/wp-content\/uploads\/sites\/25\/2022\/11\/07-312606847_10210856392041844_8952103851050189091_n-768x509.jpg 768w, https:\/\/www.scouts-europe.org\/eure-et-loir\/wp-content\/uploads\/sites\/25\/2022\/11\/07-312606847_10210856392041844_8952103851050189091_n-1536x1018.jpg 1536w, https:\/\/www.scouts-europe.org\/eure-et-loir\/wp-content\/uploads\/sites\/25\/2022\/11\/07-312606847_10210856392041844_8952103851050189091_n.jpg 2000w\" sizes=\"(max-width: 1024px) 100vw, 1024px\" \/>                    <\/a>\n                            <\/div>\n            <div class=\"content\">\n                                    <p class=\"date\">2 novembre 2022<\/p>\n                                                <h3 class=\"title\">V\u00e9zelay 2022, nous y \u00e9tions !<\/h3>\n                                    <p>Le Clan Franz Stock ainsi que le CLIM (Clan Inter-Ma\u00eetrise) \u00e9taient bien pr\u00e9sents \u00e0 V\u00e9zelay 2022, du 28 au 31 [&hellip;]<\/p>\n                                                    <a href=\"https:\/\/www.scouts-europe.org\/eure-et-loir\/2022\/11\/02\/vezelay-2022-nous-y-etions\/\" title=\"V\u00e9zelay 2022, nous y \u00e9tions !\" class=\"link\">Lire la suite<\/a>\n                            <\/div>\n        <\/article>\n        <article class=\"post-item\" data-category=\"actualite\">\n            <div class=\"img\">\n                                    <a href=\"https:\/\/www.scouts-europe.org\/eure-et-loir\/2022\/09\/04\/la-rentree-scoute-cest-dimanche-11-septembre\/\" title=\"La rentr\u00e9e scoute, c&rsquo;est dimanche 11 septembre !\">\n                        <img loading=\"lazy\" decoding=\"async\" width=\"940\" height=\"788\" src=\"https:\/\/www.scouts-europe.org\/eure-et-loir\/wp-content\/uploads\/sites\/25\/2022\/09\/Save-the-date.jpeg\" class=\"attachment-large size-large wp-post-image\" alt=\"save the date\" srcset=\"https:\/\/www.scouts-europe.org\/eure-et-loir\/wp-content\/uploads\/sites\/25\/2022\/09\/Save-the-date.jpeg 940w, https:\/\/www.scouts-europe.org\/eure-et-loir\/wp-content\/uploads\/sites\/25\/2022\/09\/Save-the-date-300x251.jpeg 300w, https:\/\/www.scouts-europe.org\/eure-et-loir\/wp-content\/uploads\/sites\/25\/2022\/09\/Save-the-date-768x644.jpeg 768w\" sizes=\"(max-width: 940px) 100vw, 940px\" \/>                    <\/a>\n                            <\/div>\n            <div class=\"content\">\n                                    <p class=\"date\">4 septembre 2022<\/p>\n                                                <h3 class=\"title\">La rentr\u00e9e scoute, c&rsquo;est dimanche 11 septembre !<\/h3>\n                                    <p>Nous attendons tous les louveteaux, louvettes, guides, scouts, chefs et cheftaines ainsi que toutes leurs familles<\/p>\n                                                    <a href=\"https:\/\/www.scouts-europe.org\/eure-et-loir\/2022\/09\/04\/la-rentree-scoute-cest-dimanche-11-septembre\/\" title=\"La rentr\u00e9e scoute, c&rsquo;est dimanche 11 septembre !\" class=\"link\">Lire la suite<\/a>\n                            <\/div>\n        <\/article>\n        <article class=\"post-item\" data-category=\"actualite\">\n            <div class=\"img\">\n                                    <a href=\"https:\/\/www.scouts-europe.org\/eure-et-loir\/2022\/07\/14\/retour-sur-notre-we-des-50-ans-en-video\/\" title=\"Retour sur notre WE des 50 ans en vid\u00e9o\">\n                        <img loading=\"lazy\" decoding=\"async\" width=\"1024\" height=\"822\" src=\"https:\/\/www.scouts-europe.org\/eure-et-loir\/wp-content\/uploads\/sites\/25\/2022\/07\/DSC_7046-2-1-1024x822.jpg\" class=\"attachment-large size-large wp-post-image\" alt=\"dsc 7046 (2)\" srcset=\"https:\/\/www.scouts-europe.org\/eure-et-loir\/wp-content\/uploads\/sites\/25\/2022\/07\/DSC_7046-2-1-1024x822.jpg 1024w, https:\/\/www.scouts-europe.org\/eure-et-loir\/wp-content\/uploads\/sites\/25\/2022\/07\/DSC_7046-2-1-300x241.jpg 300w, https:\/\/www.scouts-europe.org\/eure-et-loir\/wp-content\/uploads\/sites\/25\/2022\/07\/DSC_7046-2-1-768x616.jpg 768w, https:\/\/www.scouts-europe.org\/eure-et-loir\/wp-content\/uploads\/sites\/25\/2022\/07\/DSC_7046-2-1.jpg 1130w\" sizes=\"(max-width: 1024px) 100vw, 1024px\" \/>                    <\/a>\n                            <\/div>\n            <div class=\"content\">\n                                    <p class=\"date\">14 juillet 2022<\/p>\n                                                <h3 class=\"title\">Retour sur notre WE des 50 ans en vid\u00e9o<\/h3>\n                                    <p>Un grand merci \u00e0 toutes nos unit\u00e9s pour leurs participations, pour la belle veill\u00e9e scoute. Merci \u00e0 tous les parents, [&hellip;]<\/p>\n                                                    <a href=\"https:\/\/www.scouts-europe.org\/eure-et-loir\/2022\/07\/14\/retour-sur-notre-we-des-50-ans-en-video\/\" title=\"Retour sur notre WE des 50 ans en vid\u00e9o\" class=\"link\">Lire la suite<\/a>\n                            <\/div>\n        <\/article>\n        <article class=\"post-item\" data-category=\"actualite\">\n            <div class=\"img\">\n                                    <a href=\"https:\/\/www.scouts-europe.org\/eure-et-loir\/2022\/06\/01\/2-et-3-juillet-50-ans-decouvrez-le-programme-et-inscrivez-vous-en-famille\/\" title=\"2 et 3 juillet : 50 ans &#8211; D\u00e9couvrez le programme et inscrivez-vous en famille\">\n                        <img loading=\"lazy\" decoding=\"async\" width=\"1024\" height=\"382\" src=\"https:\/\/www.scouts-europe.org\/eure-et-loir\/wp-content\/uploads\/sites\/25\/2022\/06\/Bandeau-50-ans-1024x382.png\" class=\"attachment-large size-large wp-post-image\" alt=\"bandeau 50 ans\" srcset=\"https:\/\/www.scouts-europe.org\/eure-et-loir\/wp-content\/uploads\/sites\/25\/2022\/06\/Bandeau-50-ans-1024x382.png 1024w, https:\/\/www.scouts-europe.org\/eure-et-loir\/wp-content\/uploads\/sites\/25\/2022\/06\/Bandeau-50-ans-300x112.png 300w, https:\/\/www.scouts-europe.org\/eure-et-loir\/wp-content\/uploads\/sites\/25\/2022\/06\/Bandeau-50-ans-768x287.png 768w, https:\/\/www.scouts-europe.org\/eure-et-loir\/wp-content\/uploads\/sites\/25\/2022\/06\/Bandeau-50-ans.png 1237w\" sizes=\"(max-width: 1024px) 100vw, 1024px\" \/>                    <\/a>\n                            <\/div>\n            <div class=\"content\">\n                                    <p class=\"date\">1 juin 2022<\/p>\n                                                <h3 class=\"title\">2 et 3 juillet : 50 ans &#8211; D\u00e9couvrez le programme et inscrivez-vous en famille<\/h3>\n                                    <p>Venez participer \u00e0 notre WE de F\u00eate de Groupes de Chartres \u00e0 l&rsquo;occasion des 50 ans de la Troupe 1\u00e8re [&hellip;]<\/p>\n                                                    <a href=\"https:\/\/www.scouts-europe.org\/eure-et-loir\/2022\/06\/01\/2-et-3-juillet-50-ans-decouvrez-le-programme-et-inscrivez-vous-en-famille\/\" title=\"2 et 3 juillet : 50 ans &#8211; D\u00e9couvrez le programme et inscrivez-vous en famille\" class=\"link\">Lire la suite<\/a>\n                            <\/div>\n        <\/article>\n        <article class=\"post-item\" data-category=\"actualite\">\n            <div class=\"img\">\n                                    <a href=\"https:\/\/www.scouts-europe.org\/eure-et-loir\/2022\/03\/12\/2-et-3-juillet-venez-feter-les-50-ans-de-la-1ere-chartres\/\" title=\"2 et 3 juillet : venez f\u00eater les 50 ans de la 1\u00e8re Chartres\">\n                        <img loading=\"lazy\" decoding=\"async\" width=\"1024\" height=\"387\" src=\"https:\/\/www.scouts-europe.org\/eure-et-loir\/wp-content\/uploads\/sites\/25\/2022\/06\/50-ans-1024x387.png\" class=\"attachment-large size-large wp-post-image\" alt=\"50 ans\" srcset=\"https:\/\/www.scouts-europe.org\/eure-et-loir\/wp-content\/uploads\/sites\/25\/2022\/06\/50-ans-1024x387.png 1024w, https:\/\/www.scouts-europe.org\/eure-et-loir\/wp-content\/uploads\/sites\/25\/2022\/06\/50-ans-300x113.png 300w, https:\/\/www.scouts-europe.org\/eure-et-loir\/wp-content\/uploads\/sites\/25\/2022\/06\/50-ans-768x290.png 768w, https:\/\/www.scouts-europe.org\/eure-et-loir\/wp-content\/uploads\/sites\/25\/2022\/06\/50-ans.png 1127w\" sizes=\"(max-width: 1024px) 100vw, 1024px\" \/>                    <\/a>\n                            <\/div>\n            <div class=\"content\">\n                                    <p class=\"date\">12 mars 2022<\/p>\n                                                <h3 class=\"title\">2 et 3 juillet : venez f\u00eater les 50 ans de la 1\u00e8re Chartres<\/h3>\n                                    <p>Veuillez noter d\u00e8s maintenant \u201cla F\u00eate de District des 50 ans du groupe 1\u00e8re Chartres\u201d les 2 et 3 juillet [&hellip;]<\/p>\n                                                    <a href=\"https:\/\/www.scouts-europe.org\/eure-et-loir\/2022\/03\/12\/2-et-3-juillet-venez-feter-les-50-ans-de-la-1ere-chartres\/\" title=\"2 et 3 juillet : venez f\u00eater les 50 ans de la 1\u00e8re Chartres\" class=\"link\">Lire la suite<\/a>\n                            <\/div>\n        <\/article>\n        <article class=\"post-item\" data-category=\"actualite\">\n            <div class=\"img\">\n                                    <a href=\"https:\/\/www.scouts-europe.org\/eure-et-loir\/2022\/01\/04\/programme-dactivites\/\" title=\"Programme d&rsquo;activit\u00e9s\">\n                                            <\/a>\n                            <\/div>\n            <div class=\"content\">\n                                    <p class=\"date\">4 janvier 2022<\/p>\n                                                <h3 class=\"title\">Programme d&rsquo;activit\u00e9s<\/h3>\n                                    <p>Voici le programme d&rsquo;activit\u00e9s pour toutes les unit\u00e9s. Il ne manque que le feu et le clan, mais cela va [&hellip;]<\/p>\n                                                    <a href=\"https:\/\/www.scouts-europe.org\/eure-et-loir\/2022\/01\/04\/programme-dactivites\/\" title=\"Programme d&rsquo;activit\u00e9s\" class=\"link\">Lire la suite<\/a>\n                            <\/div>\n        <\/article>\n        <article class=\"post-item\" data-category=\"actualite\">\n            <div class=\"img\">\n                                    <a href=\"https:\/\/www.scouts-europe.org\/eure-et-loir\/2022\/01\/01\/bonne-et-sainte-annee-2022\/\" title=\"Bonne et Sainte ann\u00e9e 2022\">\n                        <img loading=\"lazy\" decoding=\"async\" width=\"1024\" height=\"493\" src=\"https:\/\/www.scouts-europe.org\/eure-et-loir\/wp-content\/uploads\/sites\/25\/2022\/01\/Capture-ecran-Osons-la-mission-1024x493.png\" class=\"attachment-large size-large wp-post-image\" alt=\"capture \u00e9cran osons la mission\" srcset=\"https:\/\/www.scouts-europe.org\/eure-et-loir\/wp-content\/uploads\/sites\/25\/2022\/01\/Capture-ecran-Osons-la-mission-1024x493.png 1024w, https:\/\/www.scouts-europe.org\/eure-et-loir\/wp-content\/uploads\/sites\/25\/2022\/01\/Capture-ecran-Osons-la-mission-300x145.png 300w, https:\/\/www.scouts-europe.org\/eure-et-loir\/wp-content\/uploads\/sites\/25\/2022\/01\/Capture-ecran-Osons-la-mission-768x370.png 768w, https:\/\/www.scouts-europe.org\/eure-et-loir\/wp-content\/uploads\/sites\/25\/2022\/01\/Capture-ecran-Osons-la-mission.png 1488w\" sizes=\"(max-width: 1024px) 100vw, 1024px\" \/>                    <\/a>\n                            <\/div>\n            <div class=\"content\">\n                                    <p class=\"date\">1 janvier 2022<\/p>\n                                                <h3 class=\"title\">Bonne et Sainte ann\u00e9e 2022<\/h3>\n                                    <p>Les Guides et Scouts d&rsquo;Europe d&rsquo;Eure et Loir vous souhaitent une excellente et sainte ann\u00e9e 2022 !<\/p>\n                                                    <a href=\"https:\/\/www.scouts-europe.org\/eure-et-loir\/2022\/01\/01\/bonne-et-sainte-annee-2022\/\" title=\"Bonne et Sainte ann\u00e9e 2022\" class=\"link\">Lire la suite<\/a>\n                            <\/div>\n        <\/article>\n        <article class=\"post-item\" data-category=\"actualite\">\n            <div class=\"img\">\n                                    <a href=\"https:\/\/www.scouts-europe.org\/eure-et-loir\/2021\/11\/12\/recit-de-notre-pelerinage-de-toussaint\/\" title=\"R\u00e9cit de notre p\u00e8lerinage de Toussaint\">\n                        <img loading=\"lazy\" decoding=\"async\" width=\"1024\" height=\"472\" src=\"https:\/\/www.scouts-europe.org\/eure-et-loir\/wp-content\/uploads\/sites\/25\/2021\/11\/20211101_083701-1-scaled-1-1024x472.jpg\" class=\"attachment-large size-large wp-post-image\" alt=\"20211101 083701\" srcset=\"https:\/\/www.scouts-europe.org\/eure-et-loir\/wp-content\/uploads\/sites\/25\/2021\/11\/20211101_083701-1-scaled-1-1024x472.jpg 1024w, https:\/\/www.scouts-europe.org\/eure-et-loir\/wp-content\/uploads\/sites\/25\/2021\/11\/20211101_083701-1-scaled-1-300x138.jpg 300w, https:\/\/www.scouts-europe.org\/eure-et-loir\/wp-content\/uploads\/sites\/25\/2021\/11\/20211101_083701-1-scaled-1-768x354.jpg 768w, https:\/\/www.scouts-europe.org\/eure-et-loir\/wp-content\/uploads\/sites\/25\/2021\/11\/20211101_083701-1-scaled-1-1536x709.jpg 1536w, https:\/\/www.scouts-europe.org\/eure-et-loir\/wp-content\/uploads\/sites\/25\/2021\/11\/20211101_083701-1-scaled-1-2048x945.jpg 2048w\" sizes=\"(max-width: 1024px) 100vw, 1024px\" \/>                    <\/a>\n                            <\/div>\n            <div class=\"content\">\n                                    <p class=\"date\">12 novembre 2021<\/p>\n                                                <h3 class=\"title\">R\u00e9cit de notre p\u00e8lerinage de Toussaint<\/h3>\n                                    <p>Via Sancti Martini, de Tours \u00e0 Candes-Saint-Martin<\/p>\n                                                    <a href=\"https:\/\/www.scouts-europe.org\/eure-et-loir\/2021\/11\/12\/recit-de-notre-pelerinage-de-toussaint\/\" title=\"R\u00e9cit de notre p\u00e8lerinage de Toussaint\" class=\"link\">Lire la suite<\/a>\n                            <\/div>\n        <\/article>\n        <article class=\"post-item\" data-category=\"actualite\">\n            <div class=\"img\">\n                                    <a href=\"https:\/\/www.scouts-europe.org\/eure-et-loir\/2021\/10\/18\/pelerinage-de-toussaint-des-routiers\/\" title=\"P\u00e8lerinage de Toussaint des Routiers\">\n                        <img loading=\"lazy\" decoding=\"async\" width=\"1024\" height=\"424\" src=\"https:\/\/www.scouts-europe.org\/eure-et-loir\/wp-content\/uploads\/sites\/25\/2021\/10\/Capture-invitation-VSM-2021-1024x424.jpg\" class=\"attachment-large size-large wp-post-image\" alt=\"capture invitation vsm 2021\" srcset=\"https:\/\/www.scouts-europe.org\/eure-et-loir\/wp-content\/uploads\/sites\/25\/2021\/10\/Capture-invitation-VSM-2021-1024x424.jpg 1024w, https:\/\/www.scouts-europe.org\/eure-et-loir\/wp-content\/uploads\/sites\/25\/2021\/10\/Capture-invitation-VSM-2021-300x124.jpg 300w, https:\/\/www.scouts-europe.org\/eure-et-loir\/wp-content\/uploads\/sites\/25\/2021\/10\/Capture-invitation-VSM-2021-768x318.jpg 768w, https:\/\/www.scouts-europe.org\/eure-et-loir\/wp-content\/uploads\/sites\/25\/2021\/10\/Capture-invitation-VSM-2021-1536x636.jpg 1536w, https:\/\/www.scouts-europe.org\/eure-et-loir\/wp-content\/uploads\/sites\/25\/2021\/10\/Capture-invitation-VSM-2021.jpg 1773w\" sizes=\"(max-width: 1024px) 100vw, 1024px\" \/>                    <\/a>\n                            <\/div>\n            <div class=\"content\">\n                                    <p class=\"date\">18 octobre 2021<\/p>\n                                                <h3 class=\"title\">P\u00e8lerinage de Toussaint des Routiers<\/h3>\n                                    <p>Cette ann\u00e9e encore, impossible de faire notre p\u00e8lerinage traditionnel vers V\u00e9zelay. Nous avons donc d\u00e9cid\u00e9 de marcher sur les pas [&hellip;]<\/p>\n                                                    <a href=\"https:\/\/www.scouts-europe.org\/eure-et-loir\/2021\/10\/18\/pelerinage-de-toussaint-des-routiers\/\" title=\"P\u00e8lerinage de Toussaint des Routiers\" class=\"link\">Lire la suite<\/a>\n                            <\/div>\n        <\/article>\n        <article class=\"post-item\" data-category=\"actualite\">\n            <div class=\"img\">\n                                    <a href=\"https:\/\/www.scouts-europe.org\/eure-et-loir\/2021\/10\/10\/un-film-qui-demarre-sur-les-chapeaux-de-roues\/\" title=\"Un film qui d\u00e9marre sur les chapeaux de roue !\">\n                        <img loading=\"lazy\" decoding=\"async\" width=\"1024\" height=\"527\" src=\"https:\/\/www.scouts-europe.org\/eure-et-loir\/wp-content\/uploads\/sites\/25\/2021\/10\/Sans-titre-1-1024x527.png\" class=\"attachment-large size-large wp-post-image\" alt=\"sans titre 1\" srcset=\"https:\/\/www.scouts-europe.org\/eure-et-loir\/wp-content\/uploads\/sites\/25\/2021\/10\/Sans-titre-1-1024x527.png 1024w, https:\/\/www.scouts-europe.org\/eure-et-loir\/wp-content\/uploads\/sites\/25\/2021\/10\/Sans-titre-1-300x154.png 300w, https:\/\/www.scouts-europe.org\/eure-et-loir\/wp-content\/uploads\/sites\/25\/2021\/10\/Sans-titre-1-768x395.png 768w, https:\/\/www.scouts-europe.org\/eure-et-loir\/wp-content\/uploads\/sites\/25\/2021\/10\/Sans-titre-1-1536x790.png 1536w, https:\/\/www.scouts-europe.org\/eure-et-loir\/wp-content\/uploads\/sites\/25\/2021\/10\/Sans-titre-1-2048x1054.png 2048w\" sizes=\"(max-width: 1024px) 100vw, 1024px\" \/>                    <\/a>\n                            <\/div>\n            <div class=\"content\">\n                                    <p class=\"date\">10 octobre 2021<\/p>\n                                                <h3 class=\"title\">Un film qui d\u00e9marre sur les chapeaux de roue !<\/h3>\n                                    <p>Le Clan Franz Stock vient de sortir son film documentaire \u00caTRE PR\u00caT : AU COEUR DE LA ROUTE SCOUT D&rsquo;EUROPE. [&hellip;]<\/p>\n                                                    <a href=\"https:\/\/www.scouts-europe.org\/eure-et-loir\/2021\/10\/10\/un-film-qui-demarre-sur-les-chapeaux-de-roues\/\" title=\"Un film qui d\u00e9marre sur les chapeaux de roue !\" class=\"link\">Lire la suite<\/a>\n                            <\/div>\n        <\/article>\n        <article class=\"post-item\" data-category=\"actualite\">\n            <div class=\"img\">\n                                    <a href=\"https:\/\/www.scouts-europe.org\/eure-et-loir\/2021\/09\/28\/le-clan-franz-stock-derriere-la-camera\/\" title=\"Le Clan Franz Stock derri\u00e8re la cam\u00e9ra !\">\n                        <img loading=\"lazy\" decoding=\"async\" width=\"1024\" height=\"578\" src=\"https:\/\/www.scouts-europe.org\/eure-et-loir\/wp-content\/uploads\/sites\/25\/2021\/09\/minia-scaled-1-1024x578.jpg\" class=\"attachment-large size-large wp-post-image\" alt=\"print\" srcset=\"https:\/\/www.scouts-europe.org\/eure-et-loir\/wp-content\/uploads\/sites\/25\/2021\/09\/minia-scaled-1-1024x578.jpg 1024w, https:\/\/www.scouts-europe.org\/eure-et-loir\/wp-content\/uploads\/sites\/25\/2021\/09\/minia-scaled-1-300x169.jpg 300w, https:\/\/www.scouts-europe.org\/eure-et-loir\/wp-content\/uploads\/sites\/25\/2021\/09\/minia-scaled-1-768x434.jpg 768w, https:\/\/www.scouts-europe.org\/eure-et-loir\/wp-content\/uploads\/sites\/25\/2021\/09\/minia-scaled-1-1536x868.jpg 1536w, https:\/\/www.scouts-europe.org\/eure-et-loir\/wp-content\/uploads\/sites\/25\/2021\/09\/minia-scaled-1-2048x1157.jpg 2048w\" sizes=\"(max-width: 1024px) 100vw, 1024px\" \/>                    <\/a>\n                            <\/div>\n            <div class=\"content\">\n                                    <p class=\"date\">28 septembre 2021<\/p>\n                                                <h3 class=\"title\">Le Clan Franz Stock derri\u00e8re la cam\u00e9ra !<\/h3>\n                                    <p>Le Clan Franz Stock s&rsquo;appr\u00eate \u00e0 d\u00e9voiler un film documentaire in\u00e9dit sur la route scout d&rsquo;Europe C&rsquo;est un pari audacieux [&hellip;]<\/p>\n                                                    <a href=\"https:\/\/www.scouts-europe.org\/eure-et-loir\/2021\/09\/28\/le-clan-franz-stock-derriere-la-camera\/\" title=\"Le Clan Franz Stock derri\u00e8re la cam\u00e9ra !\" class=\"link\">Lire la suite<\/a>\n                            <\/div>\n        <\/article>\n        <article class=\"post-item\" data-category=\"actualite\">\n            <div class=\"img\">\n                                    <a href=\"https:\/\/www.scouts-europe.org\/eure-et-loir\/2021\/09\/27\/nos-chefs-se-forment\/\" title=\"Nos chefs se forment !\">\n                        <img loading=\"lazy\" decoding=\"async\" width=\"1024\" height=\"768\" src=\"https:\/\/www.scouts-europe.org\/eure-et-loir\/wp-content\/uploads\/sites\/25\/2021\/09\/be889450-da66-4edf-8ec7-0fc8a14e327f-1024x768.jpg\" class=\"attachment-large size-large wp-post-image\" alt=\"be889450 da66 4edf 8ec7 0fc8a14e327f\" srcset=\"https:\/\/www.scouts-europe.org\/eure-et-loir\/wp-content\/uploads\/sites\/25\/2021\/09\/be889450-da66-4edf-8ec7-0fc8a14e327f-1024x768.jpg 1024w, https:\/\/www.scouts-europe.org\/eure-et-loir\/wp-content\/uploads\/sites\/25\/2021\/09\/be889450-da66-4edf-8ec7-0fc8a14e327f-300x225.jpg 300w, https:\/\/www.scouts-europe.org\/eure-et-loir\/wp-content\/uploads\/sites\/25\/2021\/09\/be889450-da66-4edf-8ec7-0fc8a14e327f-768x576.jpg 768w, https:\/\/www.scouts-europe.org\/eure-et-loir\/wp-content\/uploads\/sites\/25\/2021\/09\/be889450-da66-4edf-8ec7-0fc8a14e327f-1536x1152.jpg 1536w, https:\/\/www.scouts-europe.org\/eure-et-loir\/wp-content\/uploads\/sites\/25\/2021\/09\/be889450-da66-4edf-8ec7-0fc8a14e327f.jpg 1600w\" sizes=\"(max-width: 1024px) 100vw, 1024px\" \/>                    <\/a>\n                            <\/div>\n            <div class=\"content\">\n                                    <p class=\"date\">27 septembre 2021<\/p>\n                                                <h3 class=\"title\">Nos chefs se forment !<\/h3>\n                                    <p>Les chefs du district d'Eure-et-Loir ont commenc\u00e9 leurs formations ce week-end.<\/p>\n                                                    <a href=\"https:\/\/www.scouts-europe.org\/eure-et-loir\/2021\/09\/27\/nos-chefs-se-forment\/\" title=\"Nos chefs se forment !\" class=\"link\">Lire la suite<\/a>\n                            <\/div>\n        <\/article>\n        <article class=\"post-item\" data-category=\"actualite\">\n            <div class=\"img\">\n                                    <a href=\"https:\/\/www.scouts-europe.org\/eure-et-loir\/2021\/09\/19\/notre-rentree-scoute-2021-en-images\/\" title=\"Notre rentr\u00e9e scoute 2021 en images\">\n                        <img loading=\"lazy\" decoding=\"async\" width=\"1024\" height=\"576\" src=\"https:\/\/www.scouts-europe.org\/eure-et-loir\/wp-content\/uploads\/sites\/25\/2021\/09\/WhatsApp-Image-2021-09-11-at-18.00.48-1024x576.jpeg\" class=\"attachment-large size-large wp-post-image\" alt=\"whatsapp image 2021 09 11 at 18.00.48\" srcset=\"https:\/\/www.scouts-europe.org\/eure-et-loir\/wp-content\/uploads\/sites\/25\/2021\/09\/WhatsApp-Image-2021-09-11-at-18.00.48-1024x576.jpeg 1024w, https:\/\/www.scouts-europe.org\/eure-et-loir\/wp-content\/uploads\/sites\/25\/2021\/09\/WhatsApp-Image-2021-09-11-at-18.00.48-300x169.jpeg 300w, https:\/\/www.scouts-europe.org\/eure-et-loir\/wp-content\/uploads\/sites\/25\/2021\/09\/WhatsApp-Image-2021-09-11-at-18.00.48-768x432.jpeg 768w, https:\/\/www.scouts-europe.org\/eure-et-loir\/wp-content\/uploads\/sites\/25\/2021\/09\/WhatsApp-Image-2021-09-11-at-18.00.48-1536x864.jpeg 1536w, https:\/\/www.scouts-europe.org\/eure-et-loir\/wp-content\/uploads\/sites\/25\/2021\/09\/WhatsApp-Image-2021-09-11-at-18.00.48.jpeg 1600w\" sizes=\"(max-width: 1024px) 100vw, 1024px\" \/>                    <\/a>\n                            <\/div>\n            <div class=\"content\">\n                                    <p class=\"date\">19 septembre 2021<\/p>\n                                                <h3 class=\"title\">Notre rentr\u00e9e scoute 2021 en images<\/h3>\n                                    <p>Ce samedi 11 septembre a \u00e9t\u00e9 pour le District Scout d&rsquo;Europe d&rsquo;Eure et Loir, la rentr\u00e9e des unit\u00e9s. Cette journ\u00e9e [&hellip;]<\/p>\n                                                    <a href=\"https:\/\/www.scouts-europe.org\/eure-et-loir\/2021\/09\/19\/notre-rentree-scoute-2021-en-images\/\" title=\"Notre rentr\u00e9e scoute 2021 en images\" class=\"link\">Lire la suite<\/a>\n                            <\/div>\n        <\/article>\n        <article class=\"post-item\" data-category=\"actualite\">\n            <div class=\"img\">\n                                    <a href=\"https:\/\/www.scouts-europe.org\/eure-et-loir\/2021\/09\/02\/rentree-2021-du-district\/\" title=\"RENTR\u00c9E 2021 DU DISTRICT\">\n                        <img loading=\"lazy\" decoding=\"async\" width=\"1024\" height=\"724\" src=\"https:\/\/www.scouts-europe.org\/eure-et-loir\/wp-content\/uploads\/sites\/25\/2021\/09\/invitation-fse-2021-1024x724.png\" class=\"attachment-large size-large wp-post-image\" alt=\"invitation fse 2021\" srcset=\"https:\/\/www.scouts-europe.org\/eure-et-loir\/wp-content\/uploads\/sites\/25\/2021\/09\/invitation-fse-2021-1024x724.png 1024w, https:\/\/www.scouts-europe.org\/eure-et-loir\/wp-content\/uploads\/sites\/25\/2021\/09\/invitation-fse-2021-300x212.png 300w, https:\/\/www.scouts-europe.org\/eure-et-loir\/wp-content\/uploads\/sites\/25\/2021\/09\/invitation-fse-2021-768x543.png 768w, https:\/\/www.scouts-europe.org\/eure-et-loir\/wp-content\/uploads\/sites\/25\/2021\/09\/invitation-fse-2021-1536x1086.png 1536w, https:\/\/www.scouts-europe.org\/eure-et-loir\/wp-content\/uploads\/sites\/25\/2021\/09\/invitation-fse-2021-2048x1448.png 2048w\" sizes=\"(max-width: 1024px) 100vw, 1024px\" \/>                    <\/a>\n                            <\/div>\n            <div class=\"content\">\n                                    <p class=\"date\">2 septembre 2021<\/p>\n                                                <h3 class=\"title\">RENTR\u00c9E 2021 DU DISTRICT<\/h3>\n                                    <p>Le conseil du district scout d'Europe d'Eure-et-Loir annonce que la rentr\u00e9e du mouvement aura lieu le 11 septembre 2021<\/p>\n                                                    <a href=\"https:\/\/www.scouts-europe.org\/eure-et-loir\/2021\/09\/02\/rentree-2021-du-district\/\" title=\"RENTR\u00c9E 2021 DU DISTRICT\" class=\"link\">Lire la suite<\/a>\n                            <\/div>\n        <\/article>\n        <article class=\"post-item\" data-category=\"actualite\">\n            <div class=\"img\">\n                                    <a href=\"https:\/\/www.scouts-europe.org\/eure-et-loir\/2021\/08\/19\/tous-les-camps-sont-finis-cap-sur-la-rentree-scoute-le-11-septembre-2021\/\" title=\"Tous les camps sont finis, cap sur la rentr\u00e9e scoute le 11 septembre 2021\">\n                        <img loading=\"lazy\" decoding=\"async\" width=\"1024\" height=\"683\" src=\"https:\/\/www.scouts-europe.org\/eure-et-loir\/wp-content\/uploads\/sites\/25\/2020\/09\/IMG_0090-scaled-1-1024x683.jpg\" class=\"attachment-large size-large wp-post-image\" alt=\"img 0090\" srcset=\"https:\/\/www.scouts-europe.org\/eure-et-loir\/wp-content\/uploads\/sites\/25\/2020\/09\/IMG_0090-scaled-1-1024x683.jpg 1024w, https:\/\/www.scouts-europe.org\/eure-et-loir\/wp-content\/uploads\/sites\/25\/2020\/09\/IMG_0090-scaled-1-300x200.jpg 300w, https:\/\/www.scouts-europe.org\/eure-et-loir\/wp-content\/uploads\/sites\/25\/2020\/09\/IMG_0090-scaled-1-768x512.jpg 768w, https:\/\/www.scouts-europe.org\/eure-et-loir\/wp-content\/uploads\/sites\/25\/2020\/09\/IMG_0090-scaled-1-1536x1024.jpg 1536w, https:\/\/www.scouts-europe.org\/eure-et-loir\/wp-content\/uploads\/sites\/25\/2020\/09\/IMG_0090-scaled-1-2048x1366.jpg 2048w\" sizes=\"(max-width: 1024px) 100vw, 1024px\" \/>                    <\/a>\n                            <\/div>\n            <div class=\"content\">\n                                    <p class=\"date\">19 ao\u00fbt 2021<\/p>\n                                                <h3 class=\"title\">Tous les camps sont finis, cap sur la rentr\u00e9e scoute le 11 septembre 2021<\/h3>\n                                    <p><\/p>\n                                                    <a href=\"https:\/\/www.scouts-europe.org\/eure-et-loir\/2021\/08\/19\/tous-les-camps-sont-finis-cap-sur-la-rentree-scoute-le-11-septembre-2021\/\" title=\"Tous les camps sont finis, cap sur la rentr\u00e9e scoute le 11 septembre 2021\" class=\"link\">Lire la suite<\/a>\n                            <\/div>\n        <\/article>\n        <article class=\"post-item\" data-category=\"actualite\">\n            <div class=\"img\">\n                                    <a href=\"https:\/\/www.scouts-europe.org\/eure-et-loir\/2021\/08\/09\/scouts-de-chartres-dans-le-vercors-quelques-photos-de-la-vie-de-camp\/\" title=\"Scouts de Chartres dans le Vercors : quelques photos de la vie de camp !\">\n                        <img loading=\"lazy\" decoding=\"async\" width=\"1024\" height=\"768\" src=\"https:\/\/www.scouts-europe.org\/eure-et-loir\/wp-content\/uploads\/sites\/25\/2021\/08\/PHOTO-2021-08-07-09-14-56-1024x768.jpg\" class=\"attachment-large size-large wp-post-image\" alt=\"photo 2021 08 07 09 14 56\" srcset=\"https:\/\/www.scouts-europe.org\/eure-et-loir\/wp-content\/uploads\/sites\/25\/2021\/08\/PHOTO-2021-08-07-09-14-56-1024x768.jpg 1024w, https:\/\/www.scouts-europe.org\/eure-et-loir\/wp-content\/uploads\/sites\/25\/2021\/08\/PHOTO-2021-08-07-09-14-56-300x225.jpg 300w, https:\/\/www.scouts-europe.org\/eure-et-loir\/wp-content\/uploads\/sites\/25\/2021\/08\/PHOTO-2021-08-07-09-14-56-768x576.jpg 768w, https:\/\/www.scouts-europe.org\/eure-et-loir\/wp-content\/uploads\/sites\/25\/2021\/08\/PHOTO-2021-08-07-09-14-56-1536x1152.jpg 1536w, https:\/\/www.scouts-europe.org\/eure-et-loir\/wp-content\/uploads\/sites\/25\/2021\/08\/PHOTO-2021-08-07-09-14-56.jpg 1600w\" sizes=\"(max-width: 1024px) 100vw, 1024px\" \/>                    <\/a>\n                            <\/div>\n            <div class=\"content\">\n                                    <p class=\"date\">9 ao\u00fbt 2021<\/p>\n                                                <h3 class=\"title\">Scouts de Chartres dans le Vercors : quelques photos de la vie de camp !<\/h3>\n                                    <p>Voici quelques nouvelles de nos scouts en camp dans le Vercors : Les promesses ont eu lieu sur les hauteurs [&hellip;]<\/p>\n                                                    <a href=\"https:\/\/www.scouts-europe.org\/eure-et-loir\/2021\/08\/09\/scouts-de-chartres-dans-le-vercors-quelques-photos-de-la-vie-de-camp\/\" title=\"Scouts de Chartres dans le Vercors : quelques photos de la vie de camp !\" class=\"link\">Lire la suite<\/a>\n                            <\/div>\n        <\/article>\n        <article class=\"post-item\" data-category=\"actualite\">\n            <div class=\"img\">\n                                    <a href=\"https:\/\/www.scouts-europe.org\/eure-et-loir\/2021\/08\/06\/un-mat-des-couleurs-de-18m\/\" title=\"Un m\u00e2t des couleurs de 18m !\">\n                        <img loading=\"lazy\" decoding=\"async\" width=\"720\" height=\"960\" src=\"https:\/\/www.scouts-europe.org\/eure-et-loir\/wp-content\/uploads\/sites\/25\/2021\/08\/Mat-des-couleurs-Troupes.jpg\" class=\"attachment-large size-large wp-post-image\" alt=\"mat des couleurs troupes\" srcset=\"https:\/\/www.scouts-europe.org\/eure-et-loir\/wp-content\/uploads\/sites\/25\/2021\/08\/Mat-des-couleurs-Troupes.jpg 720w, https:\/\/www.scouts-europe.org\/eure-et-loir\/wp-content\/uploads\/sites\/25\/2021\/08\/Mat-des-couleurs-Troupes-225x300.jpg 225w\" sizes=\"(max-width: 720px) 100vw, 720px\" \/>                    <\/a>\n                            <\/div>\n            <div class=\"content\">\n                                    <p class=\"date\">6 ao\u00fbt 2021<\/p>\n                                                <h3 class=\"title\">Un m\u00e2t des couleurs de 18m !<\/h3>\n                                    <p><\/p>\n                                                    <a href=\"https:\/\/www.scouts-europe.org\/eure-et-loir\/2021\/08\/06\/un-mat-des-couleurs-de-18m\/\" title=\"Un m\u00e2t des couleurs de 18m !\" class=\"link\">Lire la suite<\/a>\n                            <\/div>\n        <\/article>\n        <article class=\"post-item\" data-category=\"actualite\">\n            <div class=\"img\">\n                                    <a href=\"https:\/\/www.scouts-europe.org\/eure-et-loir\/2021\/07\/30\/troupes-1ere-et-3eme-chartres-les-scouts-dans-le-vercors\/\" title=\"Troupes 1\u00e8re et 3\u00e8me Chartres : les scouts dans le Vercors\">\n                        <img loading=\"lazy\" decoding=\"async\" width=\"1024\" height=\"768\" src=\"https:\/\/www.scouts-europe.org\/eure-et-loir\/wp-content\/uploads\/sites\/25\/2021\/07\/Depart-camp-Troupes-3-scaled-1-1024x768.jpg\" class=\"attachment-large size-large wp-post-image\" alt=\"d\u00e9part camp troupes 3\" srcset=\"https:\/\/www.scouts-europe.org\/eure-et-loir\/wp-content\/uploads\/sites\/25\/2021\/07\/Depart-camp-Troupes-3-scaled-1-1024x768.jpg 1024w, https:\/\/www.scouts-europe.org\/eure-et-loir\/wp-content\/uploads\/sites\/25\/2021\/07\/Depart-camp-Troupes-3-scaled-1-300x225.jpg 300w, https:\/\/www.scouts-europe.org\/eure-et-loir\/wp-content\/uploads\/sites\/25\/2021\/07\/Depart-camp-Troupes-3-scaled-1-768x576.jpg 768w, https:\/\/www.scouts-europe.org\/eure-et-loir\/wp-content\/uploads\/sites\/25\/2021\/07\/Depart-camp-Troupes-3-scaled-1-1536x1152.jpg 1536w, https:\/\/www.scouts-europe.org\/eure-et-loir\/wp-content\/uploads\/sites\/25\/2021\/07\/Depart-camp-Troupes-3-scaled-1-2048x1536.jpg 2048w\" sizes=\"(max-width: 1024px) 100vw, 1024px\" \/>                    <\/a>\n                            <\/div>\n            <div class=\"content\">\n                                    <p class=\"date\">30 juillet 2021<\/p>\n                                                <h3 class=\"title\">Troupes 1\u00e8re et 3\u00e8me Chartres : les scouts dans le Vercors<\/h3>\n                                    <p><\/p>\n                                                    <a href=\"https:\/\/www.scouts-europe.org\/eure-et-loir\/2021\/07\/30\/troupes-1ere-et-3eme-chartres-les-scouts-dans-le-vercors\/\" title=\"Troupes 1\u00e8re et 3\u00e8me Chartres : les scouts dans le Vercors\" class=\"link\">Lire la suite<\/a>\n                            <\/div>\n        <\/article>\n        <article class=\"post-item\" data-category=\"actualite\">\n            <div class=\"img\">\n                                    <a href=\"https:\/\/www.scouts-europe.org\/eure-et-loir\/2021\/07\/11\/clan-franz-stock-les-routiers-dans-les-cevennes\/\" title=\"Clan Franz Stock : les routiers dans les C\u00e9vennes\">\n                        <img loading=\"lazy\" decoding=\"async\" width=\"640\" height=\"640\" src=\"https:\/\/www.scouts-europe.org\/eure-et-loir\/wp-content\/uploads\/sites\/25\/2021\/07\/IMG_0986.jpeg\" class=\"attachment-large size-large wp-post-image\" alt=\"img 0986\" srcset=\"https:\/\/www.scouts-europe.org\/eure-et-loir\/wp-content\/uploads\/sites\/25\/2021\/07\/IMG_0986.jpeg 640w, https:\/\/www.scouts-europe.org\/eure-et-loir\/wp-content\/uploads\/sites\/25\/2021\/07\/IMG_0986-300x300.jpeg 300w, https:\/\/www.scouts-europe.org\/eure-et-loir\/wp-content\/uploads\/sites\/25\/2021\/07\/IMG_0986-150x150.jpeg 150w\" sizes=\"(max-width: 640px) 100vw, 640px\" \/>                    <\/a>\n                            <\/div>\n            <div class=\"content\">\n                                    <p class=\"date\">11 juillet 2021<\/p>\n                                                <h3 class=\"title\">Clan Franz Stock : les routiers dans les C\u00e9vennes<\/h3>\n                                    <p>Du 2 au 11 ao\u00fbt 2021, suivez l'\u00e9pop\u00e9e du Clan Franz Stock dans les C\u00e9vennes.<\/p>\n                                                    <a href=\"https:\/\/www.scouts-europe.org\/eure-et-loir\/2021\/07\/11\/clan-franz-stock-les-routiers-dans-les-cevennes\/\" title=\"Clan Franz Stock : les routiers dans les C\u00e9vennes\" class=\"link\">Lire la suite<\/a>\n                            <\/div>\n        <\/article>\n        <article class=\"post-item\" data-category=\"actualite\">\n            <div class=\"img\">\n                                    <a href=\"https:\/\/www.scouts-europe.org\/eure-et-loir\/2021\/06\/14\/beau-concert-en-perspective\/\" title=\"Beau concert en perspective \u00e0 la visitation ce 26 juin 2021\">\n                        <img loading=\"lazy\" decoding=\"async\" width=\"725\" height=\"1024\" src=\"https:\/\/www.scouts-europe.org\/eure-et-loir\/wp-content\/uploads\/sites\/25\/2021\/06\/Concert-la-Cigale-et-le-Grillon-725x1024.jpg\" class=\"attachment-large size-large wp-post-image\" alt=\"concert la cigale et le grillon\" srcset=\"https:\/\/www.scouts-europe.org\/eure-et-loir\/wp-content\/uploads\/sites\/25\/2021\/06\/Concert-la-Cigale-et-le-Grillon-725x1024.jpg 725w, https:\/\/www.scouts-europe.org\/eure-et-loir\/wp-content\/uploads\/sites\/25\/2021\/06\/Concert-la-Cigale-et-le-Grillon-212x300.jpg 212w, https:\/\/www.scouts-europe.org\/eure-et-loir\/wp-content\/uploads\/sites\/25\/2021\/06\/Concert-la-Cigale-et-le-Grillon-768x1085.jpg 768w, https:\/\/www.scouts-europe.org\/eure-et-loir\/wp-content\/uploads\/sites\/25\/2021\/06\/Concert-la-Cigale-et-le-Grillon-1087x1536.jpg 1087w, https:\/\/www.scouts-europe.org\/eure-et-loir\/wp-content\/uploads\/sites\/25\/2021\/06\/Concert-la-Cigale-et-le-Grillon.jpg 1316w\" sizes=\"(max-width: 725px) 100vw, 725px\" \/>                    <\/a>\n                            <\/div>\n            <div class=\"content\">\n                                    <p class=\"date\">14 juin 2021<\/p>\n                                                <h3 class=\"title\">Beau concert en perspective \u00e0 la visitation ce 26 juin 2021<\/h3>\n                                    <p><\/p>\n                                                    <a href=\"https:\/\/www.scouts-europe.org\/eure-et-loir\/2021\/06\/14\/beau-concert-en-perspective\/\" title=\"Beau concert en perspective \u00e0 la visitation ce 26 juin 2021\" class=\"link\">Lire la suite<\/a>\n                            <\/div>\n        <\/article>\n        <article class=\"post-item\" data-category=\"actualite\">\n            <div class=\"img\">\n                                    <a href=\"https:\/\/www.scouts-europe.org\/eure-et-loir\/2021\/05\/17\/zoom-sur-la-reprise-des-activites\/\" title=\"Zoom sur la reprise des activit\u00e9s !\">\n                        <img loading=\"lazy\" decoding=\"async\" width=\"1024\" height=\"467\" src=\"https:\/\/www.scouts-europe.org\/eure-et-loir\/wp-content\/uploads\/sites\/25\/2021\/05\/Capture-Baussant-1024x467.jpg\" class=\"attachment-large size-large wp-post-image\" alt=\"capture baussant\" srcset=\"https:\/\/www.scouts-europe.org\/eure-et-loir\/wp-content\/uploads\/sites\/25\/2021\/05\/Capture-Baussant-1024x467.jpg 1024w, https:\/\/www.scouts-europe.org\/eure-et-loir\/wp-content\/uploads\/sites\/25\/2021\/05\/Capture-Baussant-300x137.jpg 300w, https:\/\/www.scouts-europe.org\/eure-et-loir\/wp-content\/uploads\/sites\/25\/2021\/05\/Capture-Baussant-768x350.jpg 768w, https:\/\/www.scouts-europe.org\/eure-et-loir\/wp-content\/uploads\/sites\/25\/2021\/05\/Capture-Baussant.jpg 1275w\" sizes=\"(max-width: 1024px) 100vw, 1024px\" \/>                    <\/a>\n                            <\/div>\n            <div class=\"content\">\n                                    <p class=\"date\">17 mai 2021<\/p>\n                                                <h3 class=\"title\">Zoom sur la reprise des activit\u00e9s !<\/h3>\n                                    <p>Le Premier Ministre a pr\u00e9sent\u00e9 lundi 10 mai le calendrier de lev\u00e9e des mesures de restrictions li\u00e9es \u00e0 la situation [&hellip;]<\/p>\n                                                    <a href=\"https:\/\/www.scouts-europe.org\/eure-et-loir\/2021\/05\/17\/zoom-sur-la-reprise-des-activites\/\" title=\"Zoom sur la reprise des activit\u00e9s !\" class=\"link\">Lire la suite<\/a>\n                            <\/div>\n        <\/article>\n        <article class=\"post-item\" data-category=\"actualite\">\n            <div class=\"img\">\n                                    <a href=\"https:\/\/www.scouts-europe.org\/eure-et-loir\/2021\/05\/15\/la-patrouille-du-faucon-a-la-procure-de-chartres\/\" title=\"La patrouille du Faucon \u00e0 la Procure de Chartres\">\n                        <img loading=\"lazy\" decoding=\"async\" width=\"519\" height=\"383\" src=\"https:\/\/www.scouts-europe.org\/eure-et-loir\/wp-content\/uploads\/sites\/25\/2021\/05\/Pat-du-Faucon.jpg\" class=\"attachment-large size-large wp-post-image\" alt=\"pat du faucon\" srcset=\"https:\/\/www.scouts-europe.org\/eure-et-loir\/wp-content\/uploads\/sites\/25\/2021\/05\/Pat-du-Faucon.jpg 519w, https:\/\/www.scouts-europe.org\/eure-et-loir\/wp-content\/uploads\/sites\/25\/2021\/05\/Pat-du-Faucon-300x221.jpg 300w\" sizes=\"(max-width: 519px) 100vw, 519px\" \/>                    <\/a>\n                            <\/div>\n            <div class=\"content\">\n                                    <p class=\"date\">15 mai 2021<\/p>\n                                                <h3 class=\"title\">La patrouille du Faucon \u00e0 la Procure de Chartres<\/h3>\n                                    <p>Jean-Fran\u00e7ois Vivier, auteur de la Patrouille du Faucon, sera \u00e0 la Procure de Chartres pour d\u00e9dicacer ses albums ! https:\/\/www.facebook.com\/events\/152268950184241\/?ref=newsfeed<\/p>\n                                                    <a href=\"https:\/\/www.scouts-europe.org\/eure-et-loir\/2021\/05\/15\/la-patrouille-du-faucon-a-la-procure-de-chartres\/\" title=\"La patrouille du Faucon \u00e0 la Procure de Chartres\" class=\"link\">Lire la suite<\/a>\n                            <\/div>\n        <\/article>\n        <article class=\"post-item\" data-category=\"actualite\">\n            <div class=\"img\">\n                                    <a href=\"https:\/\/www.scouts-europe.org\/eure-et-loir\/2021\/04\/05\/alleluia-le-christ-est-ressuscite\/\" title=\"Alleluia ! Le Christ est ressuscit\u00e9.\">\n                        <img loading=\"lazy\" decoding=\"async\" width=\"776\" height=\"516\" src=\"https:\/\/www.scouts-europe.org\/eure-et-loir\/wp-content\/uploads\/sites\/25\/2021\/04\/Paques-2021v4.jpg\" class=\"attachment-large size-large wp-post-image\" alt=\"paques 2021v4\" srcset=\"https:\/\/www.scouts-europe.org\/eure-et-loir\/wp-content\/uploads\/sites\/25\/2021\/04\/Paques-2021v4.jpg 776w, https:\/\/www.scouts-europe.org\/eure-et-loir\/wp-content\/uploads\/sites\/25\/2021\/04\/Paques-2021v4-300x199.jpg 300w, https:\/\/www.scouts-europe.org\/eure-et-loir\/wp-content\/uploads\/sites\/25\/2021\/04\/Paques-2021v4-768x511.jpg 768w\" sizes=\"(max-width: 776px) 100vw, 776px\" \/>                    <\/a>\n                            <\/div>\n            <div class=\"content\">\n                                    <p class=\"date\">5 avril 2021<\/p>\n                                                <h3 class=\"title\">Alleluia ! Le Christ est ressuscit\u00e9.<\/h3>\n                                    <p>Les Guides et Scouts d&rsquo;Europe d&rsquo;Eure et Loir vous souhaitent une bonne f\u00eate de P\u00e2ques.<\/p>\n                                                    <a href=\"https:\/\/www.scouts-europe.org\/eure-et-loir\/2021\/04\/05\/alleluia-le-christ-est-ressuscite\/\" title=\"Alleluia ! Le Christ est ressuscit\u00e9.\" class=\"link\">Lire la suite<\/a>\n                            <\/div>\n        <\/article>\n        <article class=\"post-item\" data-category=\"actualite\">\n            <div class=\"img\">\n                                    <a href=\"https:\/\/www.scouts-europe.org\/eure-et-loir\/2021\/03\/20\/journee-des-chefs-et-cheftaines-de-groupe-de-toute-la-province-coeur-de-france\/\" title=\"Journ\u00e9e des Chefs et Cheftaines de Groupe de toute la Province C\u0153ur de France\">\n                        <img loading=\"lazy\" decoding=\"async\" width=\"768\" height=\"1024\" src=\"https:\/\/www.scouts-europe.org\/eure-et-loir\/wp-content\/uploads\/sites\/25\/2021\/03\/WhatsApp-Image-2021-03-13-at-20.03.39-1-768x1024.jpeg\" class=\"attachment-large size-large wp-post-image\" alt=\"whatsapp image 2021 03 13 at 20.03.39\" srcset=\"https:\/\/www.scouts-europe.org\/eure-et-loir\/wp-content\/uploads\/sites\/25\/2021\/03\/WhatsApp-Image-2021-03-13-at-20.03.39-1-768x1024.jpeg 768w, https:\/\/www.scouts-europe.org\/eure-et-loir\/wp-content\/uploads\/sites\/25\/2021\/03\/WhatsApp-Image-2021-03-13-at-20.03.39-1-225x300.jpeg 225w, https:\/\/www.scouts-europe.org\/eure-et-loir\/wp-content\/uploads\/sites\/25\/2021\/03\/WhatsApp-Image-2021-03-13-at-20.03.39-1-1152x1536.jpeg 1152w, https:\/\/www.scouts-europe.org\/eure-et-loir\/wp-content\/uploads\/sites\/25\/2021\/03\/WhatsApp-Image-2021-03-13-at-20.03.39-1.jpeg 1200w\" sizes=\"(max-width: 768px) 100vw, 768px\" \/>                    <\/a>\n                            <\/div>\n            <div class=\"content\">\n                                    <p class=\"date\">20 mars 2021<\/p>\n                                                <h3 class=\"title\">Journ\u00e9e des Chefs et Cheftaines de Groupe de toute la Province C\u0153ur de France<\/h3>\n                                    <p>Ce 13 mars 2021, tous les chefs et cheftaines de Groupe de notre Province C\u0153ur de France (sensiblement la r\u00e9gion [&hellip;]<\/p>\n                                                    <a href=\"https:\/\/www.scouts-europe.org\/eure-et-loir\/2021\/03\/20\/journee-des-chefs-et-cheftaines-de-groupe-de-toute-la-province-coeur-de-france\/\" title=\"Journ\u00e9e des Chefs et Cheftaines de Groupe de toute la Province C\u0153ur de France\" class=\"link\">Lire la suite<\/a>\n                            <\/div>\n        <\/article>\n        <article class=\"post-item\" data-category=\"actualite\">\n            <div class=\"img\">\n                                    <a href=\"https:\/\/www.scouts-europe.org\/eure-et-loir\/2021\/02\/18\/les-activites-scoutes-continues\/\" title=\"Les activit\u00e9s scoutes continues !\">\n                        <img loading=\"lazy\" decoding=\"async\" width=\"768\" height=\"1024\" src=\"https:\/\/www.scouts-europe.org\/eure-et-loir\/wp-content\/uploads\/sites\/25\/2020\/10\/IMG_0036-scaled-1-768x1024.jpg\" class=\"attachment-large size-large wp-post-image\" alt=\"img 0036\" srcset=\"https:\/\/www.scouts-europe.org\/eure-et-loir\/wp-content\/uploads\/sites\/25\/2020\/10\/IMG_0036-scaled-1-768x1024.jpg 768w, https:\/\/www.scouts-europe.org\/eure-et-loir\/wp-content\/uploads\/sites\/25\/2020\/10\/IMG_0036-scaled-1-225x300.jpg 225w, https:\/\/www.scouts-europe.org\/eure-et-loir\/wp-content\/uploads\/sites\/25\/2020\/10\/IMG_0036-scaled-1-1152x1536.jpg 1152w, https:\/\/www.scouts-europe.org\/eure-et-loir\/wp-content\/uploads\/sites\/25\/2020\/10\/IMG_0036-scaled-1-1536x2048.jpg 1536w, https:\/\/www.scouts-europe.org\/eure-et-loir\/wp-content\/uploads\/sites\/25\/2020\/10\/IMG_0036-scaled-1.jpg 1920w\" sizes=\"(max-width: 768px) 100vw, 768px\" \/>                    <\/a>\n                            <\/div>\n            <div class=\"content\">\n                                    <p class=\"date\">18 f\u00e9vrier 2021<\/p>\n                                                <h3 class=\"title\">Les activit\u00e9s scoutes continues !<\/h3>\n                                    <p>Depuis mi-d\u00e9cembre, les activit\u00e9s scoutes ont pu reprendre en journ\u00e9e. Les chefs et cheftaines d&rsquo;unit\u00e9s ont adapt\u00e9 leurs programmes pour [&hellip;]<\/p>\n                                                    <a href=\"https:\/\/www.scouts-europe.org\/eure-et-loir\/2021\/02\/18\/les-activites-scoutes-continues\/\" title=\"Les activit\u00e9s scoutes continues !\" class=\"link\">Lire la suite<\/a>\n                            <\/div>\n        <\/article>\n        <article class=\"post-item\" data-category=\"actualite\">\n            <div class=\"img\">\n                                    <a href=\"https:\/\/www.scouts-europe.org\/eure-et-loir\/2020\/12\/19\/joyeux-noel-et-bonne-annee-2021\/\" title=\"Joyeux No\u00ebl et Bonne Ann\u00e9e 2021\">\n                        <img loading=\"lazy\" decoding=\"async\" width=\"969\" height=\"468\" src=\"https:\/\/www.scouts-europe.org\/eure-et-loir\/wp-content\/uploads\/sites\/25\/2020\/12\/201218_bandeau_GuidesScoutsEurope_VOEUX2021-V3.png\" class=\"attachment-large size-large wp-post-image\" alt=\"201218 bandeau guidesscoutseurope voeux2021 v3\" srcset=\"https:\/\/www.scouts-europe.org\/eure-et-loir\/wp-content\/uploads\/sites\/25\/2020\/12\/201218_bandeau_GuidesScoutsEurope_VOEUX2021-V3.png 969w, https:\/\/www.scouts-europe.org\/eure-et-loir\/wp-content\/uploads\/sites\/25\/2020\/12\/201218_bandeau_GuidesScoutsEurope_VOEUX2021-V3-300x145.png 300w, https:\/\/www.scouts-europe.org\/eure-et-loir\/wp-content\/uploads\/sites\/25\/2020\/12\/201218_bandeau_GuidesScoutsEurope_VOEUX2021-V3-768x371.png 768w\" sizes=\"(max-width: 969px) 100vw, 969px\" \/>                    <\/a>\n                            <\/div>\n            <div class=\"content\">\n                                    <p class=\"date\">19 d\u00e9cembre 2020<\/p>\n                                                <h3 class=\"title\">Joyeux No\u00ebl et Bonne Ann\u00e9e 2021<\/h3>\n                                    <p><\/p>\n                                                    <a href=\"https:\/\/www.scouts-europe.org\/eure-et-loir\/2020\/12\/19\/joyeux-noel-et-bonne-annee-2021\/\" title=\"Joyeux No\u00ebl et Bonne Ann\u00e9e 2021\" class=\"link\">Lire la suite<\/a>\n                            <\/div>\n        <\/article>\n        <article class=\"post-item\" data-category=\"actualite\">\n            <div class=\"img\">\n                                    <a href=\"https:\/\/www.scouts-europe.org\/eure-et-loir\/2020\/10\/30\/recit-de-notre-pelerinage-de-la-toussaint-2020\/\" title=\"R\u00e9cit de notre p\u00e8lerinage de la Toussaint 2020\">\n                        <img loading=\"lazy\" decoding=\"async\" width=\"1024\" height=\"389\" src=\"https:\/\/www.scouts-europe.org\/eure-et-loir\/wp-content\/uploads\/sites\/25\/2020\/10\/Chartres-Toussaint-2020-scaled-1-1024x389.jpg\" class=\"attachment-large size-large wp-post-image\" alt=\"chartres toussaint 2020\" srcset=\"https:\/\/www.scouts-europe.org\/eure-et-loir\/wp-content\/uploads\/sites\/25\/2020\/10\/Chartres-Toussaint-2020-scaled-1-1024x389.jpg 1024w, https:\/\/www.scouts-europe.org\/eure-et-loir\/wp-content\/uploads\/sites\/25\/2020\/10\/Chartres-Toussaint-2020-scaled-1-300x114.jpg 300w, https:\/\/www.scouts-europe.org\/eure-et-loir\/wp-content\/uploads\/sites\/25\/2020\/10\/Chartres-Toussaint-2020-scaled-1-768x292.jpg 768w, https:\/\/www.scouts-europe.org\/eure-et-loir\/wp-content\/uploads\/sites\/25\/2020\/10\/Chartres-Toussaint-2020-scaled-1-1536x584.jpg 1536w, https:\/\/www.scouts-europe.org\/eure-et-loir\/wp-content\/uploads\/sites\/25\/2020\/10\/Chartres-Toussaint-2020-scaled-1-2048x778.jpg 2048w\" sizes=\"(max-width: 1024px) 100vw, 1024px\" \/>                    <\/a>\n                            <\/div>\n            <div class=\"content\">\n                                    <p class=\"date\">30 octobre 2020<\/p>\n                                                <h3 class=\"title\">R\u00e9cit de notre p\u00e8lerinage de la Toussaint 2020<\/h3>\n                                    <p>Suite aux nouvelles directives de confinement annonc\u00e9es par notre pr\u00e9sident, nous avons d\u00e9cid\u00e9 de partir quand-m\u00eame pour une seule journ\u00e9e [&hellip;]<\/p>\n                                                    <a href=\"https:\/\/www.scouts-europe.org\/eure-et-loir\/2020\/10\/30\/recit-de-notre-pelerinage-de-la-toussaint-2020\/\" title=\"R\u00e9cit de notre p\u00e8lerinage de la Toussaint 2020\" class=\"link\">Lire la suite<\/a>\n                            <\/div>\n        <\/article>\n        <article class=\"post-item\" data-category=\"actualite\">\n            <div class=\"img\">\n                                    <a href=\"https:\/\/www.scouts-europe.org\/eure-et-loir\/2020\/10\/28\/pelerinage-des-routiers-a-la-toussaint-changement-dorganisation\/\" title=\"P\u00e8lerinage des Routiers \u00e0 la Toussaint &#8211; Changement d&rsquo;organisation\">\n                        <img loading=\"lazy\" decoding=\"async\" width=\"1024\" height=\"389\" src=\"https:\/\/www.scouts-europe.org\/eure-et-loir\/wp-content\/uploads\/sites\/25\/2020\/10\/Chartres-Toussaint-2020-scaled-1-1024x389.jpg\" class=\"attachment-large size-large wp-post-image\" alt=\"chartres toussaint 2020\" srcset=\"https:\/\/www.scouts-europe.org\/eure-et-loir\/wp-content\/uploads\/sites\/25\/2020\/10\/Chartres-Toussaint-2020-scaled-1-1024x389.jpg 1024w, https:\/\/www.scouts-europe.org\/eure-et-loir\/wp-content\/uploads\/sites\/25\/2020\/10\/Chartres-Toussaint-2020-scaled-1-300x114.jpg 300w, https:\/\/www.scouts-europe.org\/eure-et-loir\/wp-content\/uploads\/sites\/25\/2020\/10\/Chartres-Toussaint-2020-scaled-1-768x292.jpg 768w, https:\/\/www.scouts-europe.org\/eure-et-loir\/wp-content\/uploads\/sites\/25\/2020\/10\/Chartres-Toussaint-2020-scaled-1-1536x584.jpg 1536w, https:\/\/www.scouts-europe.org\/eure-et-loir\/wp-content\/uploads\/sites\/25\/2020\/10\/Chartres-Toussaint-2020-scaled-1-2048x778.jpg 2048w\" sizes=\"(max-width: 1024px) 100vw, 1024px\" \/>                    <\/a>\n                            <\/div>\n            <div class=\"content\">\n                                    <p class=\"date\">28 octobre 2020<\/p>\n                                                <h3 class=\"title\">P\u00e8lerinage des Routiers \u00e0 la Toussaint &#8211; Changement d&rsquo;organisation<\/h3>\n                                    <p>Les annonces du pr\u00e9sident en ce mercredi 28 octobre 2020, nous obligent \u00e0 r\u00e9duire fortement notre p\u00e8lerinage de la Toussaint. [&hellip;]<\/p>\n                                                    <a href=\"https:\/\/www.scouts-europe.org\/eure-et-loir\/2020\/10\/28\/pelerinage-des-routiers-a-la-toussaint-changement-dorganisation\/\" title=\"P\u00e8lerinage des Routiers \u00e0 la Toussaint &#8211; Changement d&rsquo;organisation\" class=\"link\">Lire la suite<\/a>\n                            <\/div>\n        <\/article>\n        <article class=\"post-item\" data-category=\"actualite\">\n            <div class=\"img\">\n                                    <a href=\"https:\/\/www.scouts-europe.org\/eure-et-loir\/2020\/10\/04\/pelerinage-des-routiers-a-la-toussaint\/\" title=\"P\u00e8lerinage des Routiers \u00e0 la Toussaint\">\n                                            <\/a>\n                            <\/div>\n            <div class=\"content\">\n                                    <p class=\"date\">4 octobre 2020<\/p>\n                                                <h3 class=\"title\">P\u00e8lerinage des Routiers \u00e0 la Toussaint<\/h3>\n                                    <p>Cette ann\u00e9e, la situation sanitaire rend impossible l&rsquo;organisation du traditionnel p\u00e8lerinage \u00e0 V\u00e9zelay. C&rsquo;est donc dans chaque District Scout que [&hellip;]<\/p>\n                                                    <a href=\"https:\/\/www.scouts-europe.org\/eure-et-loir\/2020\/10\/04\/pelerinage-des-routiers-a-la-toussaint\/\" title=\"P\u00e8lerinage des Routiers \u00e0 la Toussaint\" class=\"link\">Lire la suite<\/a>\n                            <\/div>\n        <\/article>\n        <article class=\"post-item\" data-category=\"actualite\">\n            <div class=\"img\">\n                                    <a href=\"https:\/\/www.scouts-europe.org\/eure-et-loir\/2020\/09\/28\/clan-franz-stock-sur-france-2\/\" title=\"Clan Franz Stock sur France 2\">\n                                            <\/a>\n                            <\/div>\n            <div class=\"content\">\n                                    <p class=\"date\">28 septembre 2020<\/p>\n                                                <h3 class=\"title\">Clan Franz Stock sur France 2<\/h3>\n                                    <p>Les routiers du Clan Franz stock se sont retrouv\u00e9s devant pr\u00e8s d&rsquo;1 millions de t\u00e9l\u00e9spectateurs \u00e0 l&rsquo;occasion de la messe [&hellip;]<\/p>\n                                                    <a href=\"https:\/\/www.scouts-europe.org\/eure-et-loir\/2020\/09\/28\/clan-franz-stock-sur-france-2\/\" title=\"Clan Franz Stock sur France 2\" class=\"link\">Lire la suite<\/a>\n                            <\/div>\n        <\/article>\n        <article class=\"post-item\" data-category=\"actualite\">\n            <div class=\"img\">\n                                    <a href=\"https:\/\/www.scouts-europe.org\/eure-et-loir\/2020\/09\/25\/la-rentree-scoute-deurope-2020-en-images\/\" title=\"La rentr\u00e9e scoute d&rsquo;Europe 2020 en images\">\n                        <img loading=\"lazy\" decoding=\"async\" width=\"1024\" height=\"683\" src=\"https:\/\/www.scouts-europe.org\/eure-et-loir\/wp-content\/uploads\/sites\/25\/2020\/09\/IMG_0162-scaled-1-1024x683.jpg\" class=\"attachment-large size-large wp-post-image\" alt=\"img 0162\" srcset=\"https:\/\/www.scouts-europe.org\/eure-et-loir\/wp-content\/uploads\/sites\/25\/2020\/09\/IMG_0162-scaled-1-1024x683.jpg 1024w, https:\/\/www.scouts-europe.org\/eure-et-loir\/wp-content\/uploads\/sites\/25\/2020\/09\/IMG_0162-scaled-1-300x200.jpg 300w, https:\/\/www.scouts-europe.org\/eure-et-loir\/wp-content\/uploads\/sites\/25\/2020\/09\/IMG_0162-scaled-1-768x512.jpg 768w, https:\/\/www.scouts-europe.org\/eure-et-loir\/wp-content\/uploads\/sites\/25\/2020\/09\/IMG_0162-scaled-1-1536x1024.jpg 1536w, https:\/\/www.scouts-europe.org\/eure-et-loir\/wp-content\/uploads\/sites\/25\/2020\/09\/IMG_0162-scaled-1-2048x1366.jpg 2048w\" sizes=\"(max-width: 1024px) 100vw, 1024px\" \/>                    <\/a>\n                            <\/div>\n            <div class=\"content\">\n                                    <p class=\"date\">25 septembre 2020<\/p>\n                                                <h3 class=\"title\">La rentr\u00e9e scoute d&rsquo;Europe 2020 en images<\/h3>\n                                    <p>Bien mieux qu&rsquo;un long discours pour d\u00e9crire notre rentr\u00e9e scoute, voici les photos de cette belle journ\u00e9e du 12 septembre [&hellip;]<\/p>\n                                                    <a href=\"https:\/\/www.scouts-europe.org\/eure-et-loir\/2020\/09\/25\/la-rentree-scoute-deurope-2020-en-images\/\" title=\"La rentr\u00e9e scoute d&rsquo;Europe 2020 en images\" class=\"link\">Lire la suite<\/a>\n                            <\/div>\n        <\/article>\n        <article class=\"post-item\" data-category=\"actualite\">\n            <div class=\"img\">\n                                    <a href=\"https:\/\/www.scouts-europe.org\/eure-et-loir\/2020\/08\/21\/rentree-des-guides-et-scouts-deurope-deure-loir\/\" title=\"Rentr\u00e9e des Guides et Scouts d&rsquo;Europe d&rsquo;Eure &amp; Loir\">\n                        <img loading=\"lazy\" decoding=\"async\" width=\"683\" height=\"1024\" src=\"https:\/\/www.scouts-europe.org\/eure-et-loir\/wp-content\/uploads\/sites\/25\/2020\/08\/Camp-PL-01-683x1024.jpg\" class=\"attachment-large size-large wp-post-image\" alt=\"camp pl 01\" srcset=\"https:\/\/www.scouts-europe.org\/eure-et-loir\/wp-content\/uploads\/sites\/25\/2020\/08\/Camp-PL-01-683x1024.jpg 683w, https:\/\/www.scouts-europe.org\/eure-et-loir\/wp-content\/uploads\/sites\/25\/2020\/08\/Camp-PL-01-200x300.jpg 200w, https:\/\/www.scouts-europe.org\/eure-et-loir\/wp-content\/uploads\/sites\/25\/2020\/08\/Camp-PL-01-768x1152.jpg 768w, https:\/\/www.scouts-europe.org\/eure-et-loir\/wp-content\/uploads\/sites\/25\/2020\/08\/Camp-PL-01-1024x1536.jpg 1024w, https:\/\/www.scouts-europe.org\/eure-et-loir\/wp-content\/uploads\/sites\/25\/2020\/08\/Camp-PL-01.jpg 1365w\" sizes=\"(max-width: 683px) 100vw, 683px\" \/>                    <\/a>\n                            <\/div>\n            <div class=\"content\">\n                                    <p class=\"date\">21 ao\u00fbt 2020<\/p>\n                                                <h3 class=\"title\">Rentr\u00e9e des Guides et Scouts d&rsquo;Europe d&rsquo;Eure &amp; Loir<\/h3>\n                                    <p>Les Guides et Scouts d\u2019Europe d\u2019Eure-et-Loir organisent leur rentr\u00e9e le samedi 12 septembre 2020. ATTENTION : le lieu de RDV [&hellip;]<\/p>\n                                                    <a href=\"https:\/\/www.scouts-europe.org\/eure-et-loir\/2020\/08\/21\/rentree-des-guides-et-scouts-deurope-deure-loir\/\" title=\"Rentr\u00e9e des Guides et Scouts d&rsquo;Europe d&rsquo;Eure &amp; Loir\" class=\"link\">Lire la suite<\/a>\n                            <\/div>\n        <\/article>\n        <article class=\"post-item\" data-category=\"actualite\">\n            <div class=\"img\">\n                                    <a href=\"https:\/\/www.scouts-europe.org\/eure-et-loir\/2020\/08\/03\/cest-parti-pour-les-camps-dete-ouf\/\" title=\"C&rsquo;est parti pour les camps, d&rsquo;\u00e9t\u00e9 &#8230;. ouf !\">\n                        <img loading=\"lazy\" decoding=\"async\" width=\"720\" height=\"960\" src=\"https:\/\/www.scouts-europe.org\/eure-et-loir\/wp-content\/uploads\/sites\/25\/2020\/08\/Camp-louvettes-Dreux-01.jpg\" class=\"attachment-large size-large wp-post-image\" alt=\"camp louvettes dreux 01\" srcset=\"https:\/\/www.scouts-europe.org\/eure-et-loir\/wp-content\/uploads\/sites\/25\/2020\/08\/Camp-louvettes-Dreux-01.jpg 720w, https:\/\/www.scouts-europe.org\/eure-et-loir\/wp-content\/uploads\/sites\/25\/2020\/08\/Camp-louvettes-Dreux-01-225x300.jpg 225w\" sizes=\"(max-width: 720px) 100vw, 720px\" \/>                    <\/a>\n                            <\/div>\n            <div class=\"content\">\n                                    <p class=\"date\">3 ao\u00fbt 2020<\/p>\n                                                <h3 class=\"title\">C&rsquo;est parti pour les camps, d&rsquo;\u00e9t\u00e9 &#8230;. ouf !<\/h3>\n                                    <p>Voil\u00e0, toutes nos unit\u00e9s d&rsquo;Eure et Loir partent finalement en camp d&rsquo;\u00e9t\u00e9 et c&rsquo;est un grand soulagement pour tout le [&hellip;]<\/p>\n                                                    <a href=\"https:\/\/www.scouts-europe.org\/eure-et-loir\/2020\/08\/03\/cest-parti-pour-les-camps-dete-ouf\/\" title=\"C&rsquo;est parti pour les camps, d&rsquo;\u00e9t\u00e9 &#8230;. ouf !\" class=\"link\">Lire la suite<\/a>\n                            <\/div>\n        <\/article>\n        <article class=\"post-item\" data-category=\"actualite\">\n            <div class=\"img\">\n                                    <a href=\"https:\/\/www.scouts-europe.org\/eure-et-loir\/2020\/05\/27\/les-guides-et-scouts-deurope-de-chartres-au-service-de-lhopital-louis-pasteur\/\" title=\"Les Guides et Scouts d&rsquo;Europe de Chartres au service de l&rsquo;h\u00f4pital Louis Pasteur\">\n                        <img loading=\"lazy\" decoding=\"async\" width=\"699\" height=\"728\" src=\"https:\/\/www.scouts-europe.org\/eure-et-loir\/wp-content\/uploads\/sites\/25\/2020\/05\/Capture.jpg\" class=\"attachment-large size-large wp-post-image\" alt=\"capture\" srcset=\"https:\/\/www.scouts-europe.org\/eure-et-loir\/wp-content\/uploads\/sites\/25\/2020\/05\/Capture.jpg 699w, https:\/\/www.scouts-europe.org\/eure-et-loir\/wp-content\/uploads\/sites\/25\/2020\/05\/Capture-288x300.jpg 288w\" sizes=\"(max-width: 699px) 100vw, 699px\" \/>                    <\/a>\n                            <\/div>\n            <div class=\"content\">\n                                    <p class=\"date\">27 mai 2020<\/p>\n                                                <h3 class=\"title\">Les Guides et Scouts d&rsquo;Europe de Chartres au service de l&rsquo;h\u00f4pital Louis Pasteur<\/h3>\n                                    <p>Depuis le 18 mai, ce sont 8 chefs et cheftaines de Chartres et 2 \u00e9quipiers pilotes du clan Franz Stock [&hellip;]<\/p>\n                                                    <a href=\"https:\/\/www.scouts-europe.org\/eure-et-loir\/2020\/05\/27\/les-guides-et-scouts-deurope-de-chartres-au-service-de-lhopital-louis-pasteur\/\" title=\"Les Guides et Scouts d&rsquo;Europe de Chartres au service de l&rsquo;h\u00f4pital Louis Pasteur\" class=\"link\">Lire la suite<\/a>\n                            <\/div>\n        <\/article>\n        <article class=\"post-item\" data-category=\"actualite\">\n            <div class=\"img\">\n                                    <a href=\"https:\/\/www.scouts-europe.org\/eure-et-loir\/2020\/05\/10\/projet-de-re-ouverture-de-la-clairiere-de-chartres-en-septembre-2020\/\" title=\"Projet de r\u00e9-ouverture de la clairi\u00e8re de Chartres en septembre 2020\">\n                        <img loading=\"lazy\" decoding=\"async\" width=\"450\" height=\"336\" src=\"https:\/\/www.scouts-europe.org\/eure-et-loir\/wp-content\/uploads\/sites\/25\/2020\/05\/dessin-louvettes.jpg\" class=\"attachment-large size-large wp-post-image\" alt=\"dessin louvettes\" srcset=\"https:\/\/www.scouts-europe.org\/eure-et-loir\/wp-content\/uploads\/sites\/25\/2020\/05\/dessin-louvettes.jpg 450w, https:\/\/www.scouts-europe.org\/eure-et-loir\/wp-content\/uploads\/sites\/25\/2020\/05\/dessin-louvettes-300x224.jpg 300w\" sizes=\"(max-width: 450px) 100vw, 450px\" \/>                    <\/a>\n                            <\/div>\n            <div class=\"content\">\n                                    <p class=\"date\">10 mai 2020<\/p>\n                                                <h3 class=\"title\">Projet de r\u00e9-ouverture de la clairi\u00e8re de Chartres en septembre 2020<\/h3>\n                                    <p><\/p>\n                                                    <a href=\"https:\/\/www.scouts-europe.org\/eure-et-loir\/2020\/05\/10\/projet-de-re-ouverture-de-la-clairiere-de-chartres-en-septembre-2020\/\" title=\"Projet de r\u00e9-ouverture de la clairi\u00e8re de Chartres en septembre 2020\" class=\"link\">Lire la suite<\/a>\n                            <\/div>\n        <\/article>\n        <article class=\"post-item\" data-category=\"actualite\">\n            <div class=\"img\">\n                                    <a href=\"https:\/\/www.scouts-europe.org\/eure-et-loir\/2020\/04\/30\/le-rallye-de-province-vu-par-la-patrouille-du-loup\/\" title=\"Le Rallye de Province racont\u00e9 par la patrouille du Loup, Troupe 3\u00e8me Chartres !\">\n                        <img loading=\"lazy\" decoding=\"async\" width=\"1024\" height=\"768\" src=\"https:\/\/www.scouts-europe.org\/eure-et-loir\/wp-content\/uploads\/sites\/25\/2020\/04\/P_20191110_111959-scaled-1-1024x768.jpg\" class=\"attachment-large size-large wp-post-image\" alt=\"p 20191110 111959\" srcset=\"https:\/\/www.scouts-europe.org\/eure-et-loir\/wp-content\/uploads\/sites\/25\/2020\/04\/P_20191110_111959-scaled-1-1024x768.jpg 1024w, https:\/\/www.scouts-europe.org\/eure-et-loir\/wp-content\/uploads\/sites\/25\/2020\/04\/P_20191110_111959-scaled-1-300x225.jpg 300w, https:\/\/www.scouts-europe.org\/eure-et-loir\/wp-content\/uploads\/sites\/25\/2020\/04\/P_20191110_111959-scaled-1-768x576.jpg 768w, https:\/\/www.scouts-europe.org\/eure-et-loir\/wp-content\/uploads\/sites\/25\/2020\/04\/P_20191110_111959-scaled-1-1536x1152.jpg 1536w, https:\/\/www.scouts-europe.org\/eure-et-loir\/wp-content\/uploads\/sites\/25\/2020\/04\/P_20191110_111959-scaled-1-2048x1536.jpg 2048w\" sizes=\"(max-width: 1024px) 100vw, 1024px\" \/>                    <\/a>\n                            <\/div>\n            <div class=\"content\">\n                                    <p class=\"date\">30 avril 2020<\/p>\n                                                <h3 class=\"title\">Le Rallye de Province racont\u00e9 par la patrouille du Loup, Troupe 3\u00e8me Chartres !<\/h3>\n                                    <p><\/p>\n                                                    <a href=\"https:\/\/www.scouts-europe.org\/eure-et-loir\/2020\/04\/30\/le-rallye-de-province-vu-par-la-patrouille-du-loup\/\" title=\"Le Rallye de Province racont\u00e9 par la patrouille du Loup, Troupe 3\u00e8me Chartres !\" class=\"link\">Lire la suite<\/a>\n                            <\/div>\n        <\/article>\n        <article class=\"post-item\" data-category=\"actualite\">\n            <div class=\"img\">\n                                    <a href=\"https:\/\/www.scouts-europe.org\/eure-et-loir\/2020\/04\/13\/paques-2020\/\" title=\"P\u00e2ques 2020\">\n                        <img loading=\"lazy\" decoding=\"async\" width=\"1024\" height=\"392\" src=\"https:\/\/www.scouts-europe.org\/eure-et-loir\/wp-content\/uploads\/sites\/25\/2020\/04\/Voeux-paques-2020-1024x392.jpg\" class=\"attachment-large size-large wp-post-image\" alt=\"voeux paques 2020\" srcset=\"https:\/\/www.scouts-europe.org\/eure-et-loir\/wp-content\/uploads\/sites\/25\/2020\/04\/Voeux-paques-2020-1024x392.jpg 1024w, https:\/\/www.scouts-europe.org\/eure-et-loir\/wp-content\/uploads\/sites\/25\/2020\/04\/Voeux-paques-2020-300x115.jpg 300w, https:\/\/www.scouts-europe.org\/eure-et-loir\/wp-content\/uploads\/sites\/25\/2020\/04\/Voeux-paques-2020-768x294.jpg 768w, https:\/\/www.scouts-europe.org\/eure-et-loir\/wp-content\/uploads\/sites\/25\/2020\/04\/Voeux-paques-2020.jpg 1279w\" sizes=\"(max-width: 1024px) 100vw, 1024px\" \/>                    <\/a>\n                            <\/div>\n            <div class=\"content\">\n                                    <p class=\"date\">13 avril 2020<\/p>\n                                                <h3 class=\"title\">P\u00e2ques 2020<\/h3>\n                                    <p>Les Guides et Scouts d&rsquo;Europe d&rsquo;Eure et Loir vous souhaitent une joyeuse f\u00eate de P\u00e2ques !<\/p>\n                                                    <a href=\"https:\/\/www.scouts-europe.org\/eure-et-loir\/2020\/04\/13\/paques-2020\/\" title=\"P\u00e2ques 2020\" class=\"link\">Lire la suite<\/a>\n                            <\/div>\n        <\/article>\n        <article class=\"post-item\" data-category=\"actualite\">\n            <div class=\"img\">\n                                    <a href=\"https:\/\/www.scouts-europe.org\/eure-et-loir\/2020\/04\/09\/rallye-de-province-9-10-11-nov-2019\/\" title=\"Rallye de Province 9-10-11 nov 2019\">\n                        <img loading=\"lazy\" decoding=\"async\" width=\"1024\" height=\"768\" src=\"https:\/\/www.scouts-europe.org\/eure-et-loir\/wp-content\/uploads\/sites\/25\/2020\/04\/IMG_4676-e1586252058310-1024x768.jpg\" class=\"attachment-large size-large wp-post-image\" alt=\"img 4676\" srcset=\"https:\/\/www.scouts-europe.org\/eure-et-loir\/wp-content\/uploads\/sites\/25\/2020\/04\/IMG_4676-e1586252058310-1024x768.jpg 1024w, https:\/\/www.scouts-europe.org\/eure-et-loir\/wp-content\/uploads\/sites\/25\/2020\/04\/IMG_4676-e1586252058310-300x225.jpg 300w, https:\/\/www.scouts-europe.org\/eure-et-loir\/wp-content\/uploads\/sites\/25\/2020\/04\/IMG_4676-e1586252058310-768x576.jpg 768w, https:\/\/www.scouts-europe.org\/eure-et-loir\/wp-content\/uploads\/sites\/25\/2020\/04\/IMG_4676-e1586252058310-1536x1152.jpg 1536w, https:\/\/www.scouts-europe.org\/eure-et-loir\/wp-content\/uploads\/sites\/25\/2020\/04\/IMG_4676-e1586252058310.jpg 2000w\" sizes=\"(max-width: 1024px) 100vw, 1024px\" \/>                    <\/a>\n                            <\/div>\n            <div class=\"content\">\n                                    <p class=\"date\">9 avril 2020<\/p>\n                                                <h3 class=\"title\">Rallye de Province 9-10-11 nov 2019<\/h3>\n                                    <p>L&rsquo;ensemble des patrouilles scoutes de la province C\u0153ur de France (sensiblement r\u00e9gion Centre) s&rsquo;est retrouv\u00e9 les 9-10-11 novembre 2019 pour [&hellip;]<\/p>\n                                                    <a href=\"https:\/\/www.scouts-europe.org\/eure-et-loir\/2020\/04\/09\/rallye-de-province-9-10-11-nov-2019\/\" title=\"Rallye de Province 9-10-11 nov 2019\" class=\"link\">Lire la suite<\/a>\n                            <\/div>\n        <\/article>\n        <article class=\"post-item\" data-category=\"actualite\">\n            <div class=\"img\">\n                                    <a href=\"https:\/\/www.scouts-europe.org\/eure-et-loir\/2019\/10\/10\/calendrier-des-scouts-deurope\/\" title=\"Les calendriers sont arriv\u00e9s !\">\n                        <img loading=\"lazy\" decoding=\"async\" width=\"800\" height=\"800\" src=\"https:\/\/www.scouts-europe.org\/eure-et-loir\/wp-content\/uploads\/sites\/25\/2019\/10\/calendrier.jpg\" class=\"attachment-large size-large wp-post-image\" alt=\"calendrier\" srcset=\"https:\/\/www.scouts-europe.org\/eure-et-loir\/wp-content\/uploads\/sites\/25\/2019\/10\/calendrier.jpg 800w, https:\/\/www.scouts-europe.org\/eure-et-loir\/wp-content\/uploads\/sites\/25\/2019\/10\/calendrier-300x300.jpg 300w, https:\/\/www.scouts-europe.org\/eure-et-loir\/wp-content\/uploads\/sites\/25\/2019\/10\/calendrier-150x150.jpg 150w, https:\/\/www.scouts-europe.org\/eure-et-loir\/wp-content\/uploads\/sites\/25\/2019\/10\/calendrier-768x768.jpg 768w\" sizes=\"(max-width: 800px) 100vw, 800px\" \/>                    <\/a>\n                            <\/div>\n            <div class=\"content\">\n                                    <p class=\"date\">10 octobre 2019<\/p>\n                                                <h3 class=\"title\">Les calendriers sont arriv\u00e9s !<\/h3>\n                                    <p>Les calendriers des guides et scouts d&rsquo;Europe sont disponibles ! n&rsquo;h\u00e9sitez pas \u00e0 les r\u00e9clamer \u00e0 vos revendeurs pr\u00e9f\u00e9r\u00e9s, \u00e0 [&hellip;]<\/p>\n                                                    <a href=\"https:\/\/www.scouts-europe.org\/eure-et-loir\/2019\/10\/10\/calendrier-des-scouts-deurope\/\" title=\"Les calendriers sont arriv\u00e9s !\" class=\"link\">Lire la suite<\/a>\n                            <\/div>\n        <\/article>\n        <article class=\"post-item\" data-category=\"actualite\">\n            <div class=\"img\">\n                                    <a href=\"https:\/\/www.scouts-europe.org\/eure-et-loir\/2019\/10\/09\/cest-la-rentree-scoute\/\" title=\"C&rsquo;est la rentr\u00e9e !\">\n                                            <\/a>\n                            <\/div>\n            <div class=\"content\">\n                                    <p class=\"date\">9 octobre 2019<\/p>\n                                                <h3 class=\"title\">C&rsquo;est la rentr\u00e9e !<\/h3>\n                                    <p>C'est la rentr\u00e9e pour le district d'Eure et loir !<\/p>\n                                                    <a href=\"https:\/\/www.scouts-europe.org\/eure-et-loir\/2019\/10\/09\/cest-la-rentree-scoute\/\" title=\"C&rsquo;est la rentr\u00e9e !\" class=\"link\">Lire la suite<\/a>\n                            <\/div>\n        <\/article>\n\t\t<\/div>\n\t\t\t\t<\/div>\n\t\t\t\t<\/div>\n\t\t\t\t\t<\/div>\n\t\t<\/div>\n\t\t\t\t\t<\/div>\n\t\t<\/section>\n\t\t\t\t<\/div>\n\t\t","protected":false},"excerpt":{"rendered":"<p>27 juillet 2024 Clap de fin pour nos camps d&rsquo;\u00e9t\u00e9 Voil\u00e0, tous nos camps d&rsquo;\u00e9t\u00e9 sont maintenant termin\u00e9s : Deo [&hellip;]<\/p>\n","protected":false},"author":1,"featured_media":0,"parent":0,"menu_order":0,"comment_status":"closed","ping_status":"closed","template":"","meta":{"_seopress_robots_primary_cat":"","_seopress_titles_title":"","_seopress_titles_desc":"","_seopress_robots_index":"","site-sidebar-layout":"no-sidebar","site-content-layout":"page-builder","ast-site-content-layout":"full-width-container","site-content-style":"unboxed","site-sidebar-style":"unboxed","ast-global-header-display":"","ast-banner-title-visibility":"","ast-main-header-display":"","ast-hfb-above-header-display":"","ast-hfb-below-header-display":"","ast-hfb-mobile-header-display":"","site-post-title":"disabled","ast-breadcrumbs-content":"","ast-featured-img":"disabled","footer-sml-layout":"","theme-transparent-header-meta":"","adv-header-id-meta":"","stick-header-meta":"","header-above-stick-meta":"","header-main-stick-meta":"","header-below-stick-meta":"","astra-migrate-meta-layouts":"set","ast-page-background-enabled":"default","ast-page-background-meta":{"desktop":{"background-color":"var(--ast-global-color-4)","background-image":"","background-repeat":"repeat","background-position":"center center","background-size":"auto","background-attachment":"scroll","background-type":"","background-media":"","overlay-type":"","overlay-color":"","overlay-opacity":"","overlay-gradient":""},"tablet":{"background-color":"","background-image":"","background-repeat":"repeat","background-position":"center center","background-size":"auto","background-attachment":"scroll","background-type":"","background-media":"","overlay-type":"","overlay-color":"","overlay-opacity":"","overlay-gradient":""},"mobile":{"background-color":"","background-image":"","background-repeat":"repeat","background-position":"center center","background-size":"auto","background-attachment":"scroll","background-type":"","background-media":"","overlay-type":"","overlay-color":"","overlay-opacity":"","overlay-gradient":""}},"ast-content-background-meta":{"desktop":{"background-color":"var(--ast-global-color-5)","background-image":"","background-repeat":"repeat","background-position":"center center","background-size":"auto","background-attachment":"scroll","background-type":"","background-media":"","overlay-type":"","overlay-color":"","overlay-opacity":"","overlay-gradient":""},"tablet":{"background-color":"var(--ast-global-color-5)","background-image":"","background-repeat":"repeat","background-position":"center center","background-size":"auto","background-attachment":"scroll","background-type":"","background-media":"","overlay-type":"","overlay-color":"","overlay-opacity":"","overlay-gradient":""},"mobile":{"background-color":"var(--ast-global-color-5)","background-image":"","background-repeat":"repeat","background-position":"center center","background-size":"auto","background-attachment":"scroll","background-type":"","background-media":"","overlay-type":"","overlay-color":"","overlay-opacity":"","overlay-gradient":""}},"footnotes":""},"class_list":["post-106","page","type-page","status-publish","hentry"],"_links":{"self":[{"href":"https:\/\/www.scouts-europe.org\/eure-et-loir\/wp-json\/wp\/v2\/pages\/106","targetHints":{"allow":["GET"]}}],"collection":[{"href":"https:\/\/www.scouts-europe.org\/eure-et-loir\/wp-json\/wp\/v2\/pages"}],"about":[{"href":"https:\/\/www.scouts-europe.org\/eure-et-loir\/wp-json\/wp\/v2\/types\/page"}],"author":[{"embeddable":true,"href":"https:\/\/www.scouts-europe.org\/eure-et-loir\/wp-json\/wp\/v2\/users\/1"}],"replies":[{"embeddable":true,"href":"https:\/\/www.scouts-europe.org\/eure-et-loir\/wp-json\/wp\/v2\/comments?post=106"}],"version-history":[{"count":56,"href":"https:\/\/www.scouts-europe.org\/eure-et-loir\/wp-json\/wp\/v2\/pages\/106\/revisions"}],"predecessor-version":[{"id":2397,"href":"https:\/\/www.scouts-europe.org\/eure-et-loir\/wp-json\/wp\/v2\/pages\/106\/revisions\/2397"}],"wp:attachment":[{"href":"https:\/\/www.scouts-europe.org\/eure-et-loir\/wp-json\/wp\/v2\/media?parent=106"}],"curies":[{"name":"wp","href":"https:\/\/api.w.org\/{rel}","templated":true}]}}